{"id":9903,"date":"2025-11-28T10:50:27","date_gmt":"2025-11-28T15:50:27","guid":{"rendered":"https:\/\/inclusionincanadiansports.ca\/prix-de-lequite-de-la-diversite-et-de-linclusion-de-lirsc\/"},"modified":"2026-02-03T15:58:58","modified_gmt":"2026-02-03T20:58:58","slug":"prix-de-lequite-de-la-diversite-et-de-linclusion-de-lirsc","status":"publish","type":"page","link":"https:\/\/inclusionincanadiansports.ca\/fr\/prix-de-lequite-de-la-diversite-et-de-linclusion-de-lirsc\/","title":{"rendered":"Prix de l&rsquo;\u00e9quit\u00e9, de la diversit\u00e9 et de l&rsquo;inclusion"},"content":{"rendered":"\t\t<div data-elementor-type=\"wp-page\" data-elementor-id=\"9903\" class=\"elementor elementor-9903 elementor-9811\" data-elementor-post-type=\"page\">\n\t\t\t\t<div class=\"elementor-element elementor-element-d3aeffd e-flex e-con-boxed e-con e-parent\" data-id=\"d3aeffd\" data-element_type=\"container\" data-e-type=\"container\" data-settings=\"{&quot;jet_parallax_layout_list&quot;:[],&quot;background_background&quot;:&quot;classic&quot;}\">\n\t\t\t\t\t<div class=\"e-con-inner\">\n\t\t\t\t<div class=\"elementor-element elementor-element-7379354 elementor-mobile-align-center elementor-widget__width-initial elementor-widget-laptop__width-inherit elementor-align-center elementor-widget elementor-widget-raven-heading\" data-id=\"7379354\" data-element_type=\"widget\" data-e-type=\"widget\" data-widget_type=\"raven-heading.default\">\n\t\t\t\t<div class=\"elementor-widget-container\">\n\t\t\t\t\t\t\t<div class=\"raven-widget-wrapper\"><h2 class=\"raven-heading raven-heading-h2\"><span class=\"raven-heading-title \">Prix de l'\u00e9quit\u00e9, de la diversit\u00e9 et de l'inclusion de l'IRSC<\/span><\/h2><\/div>\n\t\t\t\t\t\t<\/div>\n\t\t\t\t<\/div>\n\t\t\t\t\t<\/div>\n\t\t\t\t<\/div>\n\t\t<div class=\"elementor-element elementor-element-e57120f e-flex e-con-boxed e-con e-parent\" data-id=\"e57120f\" data-element_type=\"container\" data-e-type=\"container\" data-settings=\"{&quot;jet_parallax_layout_list&quot;:[]}\">\n\t\t\t\t\t<div class=\"e-con-inner\">\n\t\t\t\t<div class=\"elementor-element elementor-element-fdca28f elementor-widget__width-initial elementor-widget elementor-widget-image\" data-id=\"fdca28f\" data-element_type=\"widget\" data-e-type=\"widget\" data-widget_type=\"image.default\">\n\t\t\t\t<div class=\"elementor-widget-container\">\n\t\t\t\t\t\t\t\t\t\t\t\t\t\t\t\t<a href=\"https:\/\/inclusionincanadiansports.ca\/wp-content\/uploads\/2025\/12\/award-EN-1.jpg\" data-elementor-open-lightbox=\"yes\" data-elementor-lightbox-title=\"award-EN-1\" data-e-action-hash=\"#elementor-action%3Aaction%3Dlightbox%26settings%3DeyJpZCI6MTAyMzIsInVybCI6Imh0dHBzOlwvXC9pbmNsdXNpb25pbmNhbmFkaWFuc3BvcnRzLmNhXC93cC1jb250ZW50XC91cGxvYWRzXC8yMDI1XC8xMlwvYXdhcmQtRU4tMS5qcGcifQ%3D%3D\">\n\t\t\t\t\t\t\t<img fetchpriority=\"high\" decoding=\"async\" width=\"600\" height=\"800\" src=\"https:\/\/inclusionincanadiansports.ca\/wp-content\/uploads\/2025\/12\/award-EN-1.jpg\" class=\"attachment-large size-large wp-image-10232\" alt=\"\" srcset=\"https:\/\/inclusionincanadiansports.ca\/wp-content\/uploads\/2025\/12\/award-EN-1.jpg 600w, https:\/\/inclusionincanadiansports.ca\/wp-content\/uploads\/2025\/12\/award-EN-1-225x300.jpg 225w\" sizes=\"(max-width: 600px) 100vw, 600px\" \/>\t\t\t\t\t\t\t\t<\/a>\n\t\t\t\t\t\t\t\t\t\t\t\t\t\t\t<\/div>\n\t\t\t\t<\/div>\n\t\t\t\t<div class=\"elementor-element elementor-element-46f8ff3 elementor-widget__width-initial elementor-widget elementor-widget-text-editor\" data-id=\"46f8ff3\" data-element_type=\"widget\" data-e-type=\"widget\" data-widget_type=\"text-editor.default\">\n\t\t\t\t<div class=\"elementor-widget-container\">\n\t\t\t\t\t\t\t\t\t<p><span style=\"font-weight: 400;\">Inclusion dans le r\u00e9seau du sport canadien (IRSC) est fier de pr\u00e9senter les Prix de l&rsquo;\u00e9quit\u00e9, de la diversit\u00e9 et de l&rsquo;inclusion de l&rsquo;IRSC, une initiative qui reconna\u00eet les individus et les organismes de sport pour d\u00e9butant ou communautaires qui se font les champions de l&rsquo;\u00e9quit\u00e9, de la diversit\u00e9 et de l&rsquo;inclusion dans l&rsquo;ensemble du sport amateur canadien.<\/span><\/p><p><span style=\"font-weight: 400;\">Ces prix visent \u00e0 mettre en lumi\u00e8re le leadership, l&rsquo;impact et la volont\u00e9 de contribuer \u00e0 la cr\u00e9ation d&rsquo;un syst\u00e8me sportif o\u00f9 tout le monde a sa place et est repr\u00e9sent\u00e9.<\/span><\/p>\t\t\t\t\t\t\t\t<\/div>\n\t\t\t\t<\/div>\n\t\t\t\t\t<\/div>\n\t\t\t\t<\/div>\n\t\t<div class=\"elementor-element elementor-element-8c46096 e-flex e-con-boxed e-con e-parent\" data-id=\"8c46096\" data-element_type=\"container\" data-e-type=\"container\" data-settings=\"{&quot;jet_parallax_layout_list&quot;:[]}\">\n\t\t\t\t\t<div class=\"e-con-inner\">\n\t\t<div class=\"elementor-element elementor-element-39f98c9 e-con-full e-flex e-con e-child\" data-id=\"39f98c9\" data-element_type=\"container\" data-e-type=\"container\" data-settings=\"{&quot;jet_parallax_layout_list&quot;:[]}\">\n\t\t\t\t<div class=\"elementor-element elementor-element-4ed1c79 elementor-widget elementor-widget-heading\" data-id=\"4ed1c79\" data-element_type=\"widget\" data-e-type=\"widget\" data-widget_type=\"heading.default\">\n\t\t\t\t<div class=\"elementor-widget-container\">\n\t\t\t\t\t<h2 class=\"elementor-heading-title elementor-size-default\">Dates importantes<\/h2>\t\t\t\t<\/div>\n\t\t\t\t<\/div>\n\t\t\t\t<div class=\"elementor-element elementor-element-ffb50d9 elementor-widget elementor-widget-text-editor\" data-id=\"ffb50d9\" data-element_type=\"widget\" data-e-type=\"widget\" data-widget_type=\"text-editor.default\">\n\t\t\t\t<div class=\"elementor-widget-container\">\n\t\t\t\t\t\t\t\t\t<h5>Date limite de nomination<\/h5><p>16 janvier 2026 \u00e0 17 h 00 (HE)<\/p><h5>Avis aux candidats<\/h5><p>\u00c0 annoncer<\/p><h5>Prix d\u00e9cern\u00e9s lors de<\/h5><p>La 4e Conf\u00e9rence annuelle sur la diversit\u00e9 dans le sport (DISC 2026)<br>Du 1er au 3 mai 2026 au Hilton Mississauga Meadowvale<\/p>\t\t\t\t\t\t\t\t<\/div>\n\t\t\t\t<\/div>\n\t\t\t\t<\/div>\n\t\t<div class=\"elementor-element elementor-element-9d94f48 e-con-full e-flex e-con e-child\" data-id=\"9d94f48\" data-element_type=\"container\" data-e-type=\"container\" data-settings=\"{&quot;jet_parallax_layout_list&quot;:[]}\">\n\t\t\t\t<div class=\"elementor-element elementor-element-30d96e9 elementor-widget elementor-widget-heading\" data-id=\"30d96e9\" data-element_type=\"widget\" data-e-type=\"widget\" data-widget_type=\"heading.default\">\n\t\t\t\t<div class=\"elementor-widget-container\">\n\t\t\t\t\t<h2 class=\"elementor-heading-title elementor-size-default\">Comment nommer une personne<\/h2>\t\t\t\t<\/div>\n\t\t\t\t<\/div>\n\t\t\t\t<div class=\"elementor-element elementor-element-d548ed2 elementor-widget elementor-widget-text-editor\" data-id=\"d548ed2\" data-element_type=\"widget\" data-e-type=\"widget\" data-widget_type=\"text-editor.default\">\n\t\t\t\t<div class=\"elementor-widget-container\">\n\t\t\t\t\t\t\t\t\t<p>Les nominations doivent \u00eatre soumises \u00e0 l&rsquo;aide des <span style=\"text-decoration: underline;\"><strong>formulaires de nomination en ligne.<\/strong><\/span><\/p><p>Les soumissions sont <span style=\"text-decoration: underline;\"><strong>ouvertes au public<\/strong><\/span> et toutes les personnes ou organisations r\u00e9pondant aux crit\u00e8res de s\u00e9lection sont invit\u00e9es \u00e0 se proposer elles-m\u00eames ou \u00e0 proposer d&rsquo;autres personnes.<\/p>\t\t\t\t\t\t\t\t<\/div>\n\t\t\t\t<\/div>\n\t\t\t\t<\/div>\n\t\t\t\t\t<\/div>\n\t\t\t\t<\/div>\n\t\t<div class=\"elementor-element elementor-element-9eb2ddf e-flex e-con-boxed e-con e-parent\" data-id=\"9eb2ddf\" data-element_type=\"container\" data-e-type=\"container\" data-settings=\"{&quot;jet_parallax_layout_list&quot;:[]}\">\n\t\t\t\t\t<div class=\"e-con-inner\">\n\t\t\t\t<div class=\"elementor-element elementor-element-bd25966 raven-tabs-mobile-stacking-yes raven-advanced-tab-icon-position-left elementor-widget elementor-widget-raven-tabs\" data-id=\"bd25966\" data-element_type=\"widget\" data-e-type=\"widget\" data-settings=\"{&quot;tabs_pane_animation&quot;:&quot;none&quot;,&quot;tabs_event&quot;:&quot;click&quot;,&quot;auto_switch&quot;:&quot;label_off&quot;,&quot;scroll_to_beginning&quot;:&quot;yes&quot;}\" data-widget_type=\"raven-tabs.default\">\n\t\t\t\t<div class=\"elementor-widget-container\">\n\t\t\t\t\t\t\t<div class=\"raven-widget-wrapper\">\n\t\t\t<div class=\"raven-tabs raven-tabs-horizontal raven-tabs-line\">\n\t\t\t\t<div class=\"raven-tabs-list\" role=\"tablist\">\n\t\t\t\t\t\t\t\t\t\t\t<div id=\"raven-tabs-title-1981\" class=\"raven-tabs-title raven-tabs-desktop-title raven-tabs-active raven-tabs-has-icon\" role=\"tab\" aria-controls=\"raven-tabs-content-1981\" tabindex=\"-1\" data-tab=\"1\">\n\t\t\t\t\t\t\t\t\t\t<span class=\"raven-tabs-title-icon\">\n\t\t\t\t\t\t\t<\/span>\n\t\t\t\t\t\t\t\t\t\t<span class=\"raven-tabs-title-text\">Le prix Partenaire du changement de l'ann\u00e9e<\/span>\n\t\t\t\t\t\t<\/div>\n\t\t\t\t\t\t\t\t\t\t\t<div id=\"raven-tabs-title-1982\" class=\"raven-tabs-title raven-tabs-desktop-title raven-tabs-has-icon\" role=\"tab\" aria-controls=\"raven-tabs-content-1982\" tabindex=\"-1\" data-tab=\"2\">\n\t\t\t\t\t\t\t\t\t\t<span class=\"raven-tabs-title-icon\">\n\t\t\t\t\t\t\t<\/span>\n\t\t\t\t\t\t\t\t\t\t<span class=\"raven-tabs-title-text\">Le Prix du Leader \u00e9mergent PANDC de l'ann\u00e9e<\/span>\n\t\t\t\t\t\t<\/div>\n\t\t\t\t\t\t\t\t\t\t\t<div id=\"raven-tabs-title-1983\" class=\"raven-tabs-title raven-tabs-desktop-title raven-tabs-has-icon\" role=\"tab\" aria-controls=\"raven-tabs-content-1983\" tabindex=\"-1\" data-tab=\"3\">\n\t\t\t\t\t\t\t\t\t\t<span class=\"raven-tabs-title-icon\">\n\t\t\t\t\t\t\t<\/span>\n\t\t\t\t\t\t\t\t\t\t<span class=\"raven-tabs-title-text\">Le Prix du Sport pour tous<\/span>\n\t\t\t\t\t\t<\/div>\n\t\t\t\t\t\t\t\t\t<\/div>\n\t\t\t\t<div class=\"raven-tabs-content-wrapper\">\n\t\t\t\t\t\t\n\t\t\t\t\t\t<div class=\"raven-tabs-title raven-tabs-mobile-title raven-tabs-active raven-tabs-has-icon\" role=\"tab\" tabindex=\"-1\" data-tab=\"1\">\n\t\t\t\t\t\t\t<span class=\"raven-tabs-title-icon\">\n\t\t\t\t\t\t\t<\/span>\n\t\t\t\t\t\t\t<span class=\"raven-tabs-title-text\">Le prix Partenaire du changement de l'ann\u00e9e<\/span>\n\t\t\t<\/div>\n\t\t\t\t\t\t<div id=\"raven-tabs-content-1981\" class=\"raven-tabs-content elementor-clearfix raven-tabs-active\" role=\"tabpanel\" aria-labelledby=\"raven-tabs-title-1981\" data-tab=\"1\">\n\t\t\t\t<div class=\"raven-animations-none is-template-content\">\n\t\t\t\t\t\t<div data-elementor-type=\"section\" data-elementor-id=\"9928\" class=\"elementor elementor-9928 elementor-9842 elementor-9842\" data-elementor-post-type=\"elementor_library\">\n\t\t\t<div class=\"elementor-element elementor-element-ba73526 e-flex e-con-boxed e-con e-parent\" data-id=\"ba73526\" data-element_type=\"container\" data-e-type=\"container\" data-settings=\"{&quot;jet_parallax_layout_list&quot;:[]}\">\n\t\t\t\t\t<div class=\"e-con-inner\">\n\t\t\t\t<div class=\"elementor-element elementor-element-164fc23 elementor-widget elementor-widget-text-editor\" data-id=\"164fc23\" data-element_type=\"widget\" data-e-type=\"widget\" data-widget_type=\"text-editor.default\">\n\t\t\t\t<div class=\"elementor-widget-container\">\n\t\t\t\t\t\t\t\t\t<p>Le prix du Partenaire du changement de l&rsquo;ann\u00e9e reconna\u00eet les personnes exceptionnelles qui ont fait preuve de leadership, de sensibilisation, d&rsquo;alliances significatives et d&rsquo;innovation dans la promotion de l&rsquo;\u00e9quit\u00e9, de la diversit\u00e9 et de l&rsquo;inclusion (EDI) au sein du syst\u00e8me canadien de sport amateur.<\/p><p>Ce prix rend hommage \u00e0 ceux qui se sont surpass\u00e9s pour remettre en question les barri\u00e8res syst\u00e9miques, inspirer un changement culturel et cr\u00e9er des occasions significatives pour les communaut\u00e9s sous-repr\u00e9sent\u00e9es dans le sport amateur et le sport communautaire au Canada.<\/p><p>Que ce soit par la r\u00e9forme des politiques, le mentorat ou la programmation sur le terrain, le partenaire du changement \u00e9tablit une nouvelle norme d&rsquo;excellence inclusive dans le sport.<\/p>\t\t\t\t\t\t\t\t<\/div>\n\t\t\t\t<\/div>\n\t\t\t\t\t<\/div>\n\t\t\t\t<\/div>\n\t\t<div class=\"elementor-element elementor-element-39040b4f e-flex e-con-boxed e-con e-parent\" data-id=\"39040b4f\" data-element_type=\"container\" data-e-type=\"container\" data-settings=\"{&quot;jet_parallax_layout_list&quot;:[]}\">\n\t\t\t\t\t<div class=\"e-con-inner\">\n\t\t<div class=\"elementor-element elementor-element-6127d2a6 e-con-full e-flex e-con e-child\" data-id=\"6127d2a6\" data-element_type=\"container\" data-e-type=\"container\" data-settings=\"{&quot;jet_parallax_layout_list&quot;:[]}\">\n\t\t\t\t<div class=\"elementor-element elementor-element-15a26b28 elementor-widget elementor-widget-heading\" data-id=\"15a26b28\" data-element_type=\"widget\" data-e-type=\"widget\" data-widget_type=\"heading.default\">\n\t\t\t\t<div class=\"elementor-widget-container\">\n\t\t\t\t\t<h2 class=\"elementor-heading-title elementor-size-default\">Conditions d'admissibilit\u00e9<\/h2>\t\t\t\t<\/div>\n\t\t\t\t<\/div>\n\t\t\t\t<div class=\"elementor-element elementor-element-6ba6d954 elementor-widget elementor-widget-text-editor\" data-id=\"6ba6d954\" data-element_type=\"widget\" data-e-type=\"widget\" data-widget_type=\"text-editor.default\">\n\t\t\t\t<div class=\"elementor-widget-container\">\n\t\t\t\t\t\t\t\t\t<h6><span style=\"font-weight: 400;\">Les individus doivent : <\/span><\/h6><ul><li><span style=\"font-weight: 400;\">Avoir fait preuve d&rsquo;engagement ou de leadership au sein du sport amateur canadien, des loisirs ou du d\u00e9veloppement communautaire pendant plus d&rsquo;un an.<\/span><\/li><li style=\"font-weight: 400;\" aria-level=\"1\"><span style=\"font-weight: 400;\">\u00catre activement impliqu\u00e9 dans le sport amateur, communautaire ou d\u00e9butant au Canada (par exemple, athl\u00e8te, entraineur, administrateur, b\u00e9n\u00e9vole ou porte-parole).<\/span><\/li><\/ul>\t\t\t\t\t\t\t\t<\/div>\n\t\t\t\t<\/div>\n\t\t\t\t<\/div>\n\t\t<div class=\"elementor-element elementor-element-14bc9e3f e-con-full e-flex e-con e-child\" data-id=\"14bc9e3f\" data-element_type=\"container\" data-e-type=\"container\" data-settings=\"{&quot;jet_parallax_layout_list&quot;:[]}\">\n\t\t\t\t<div class=\"elementor-element elementor-element-e30a5f elementor-widget elementor-widget-heading\" data-id=\"e30a5f\" data-element_type=\"widget\" data-e-type=\"widget\" data-widget_type=\"heading.default\">\n\t\t\t\t<div class=\"elementor-widget-container\">\n\t\t\t\t\t<h2 class=\"elementor-heading-title elementor-size-default\">Crit\u00e8res de s\u00e9lection<\/h2>\t\t\t\t<\/div>\n\t\t\t\t<\/div>\n\t\t\t\t<div class=\"elementor-element elementor-element-3988f430 elementor-widget elementor-widget-text-editor\" data-id=\"3988f430\" data-element_type=\"widget\" data-e-type=\"widget\" data-widget_type=\"text-editor.default\">\n\t\t\t\t<div class=\"elementor-widget-container\">\n\t\t\t\t\t\t\t\t\t<h6>Pour \u00eatre qualifi\u00e9s, les candidats doivent r\u00e9pondre aux exigences suivantes :<\/h6><ul><li>Avoir mis en \u0153uvre des initiatives ou influenc\u00e9 des pratiques qui contribuent \u00e0 un changement syst\u00e9mique \u00e0 long terme dans le sport.<\/li><li>Avoir fait preuve de leadership et avoir eu un impact mesurable sur la promotion de l&rsquo;\u00e9quit\u00e9, de la diversit\u00e9 et de l&rsquo;inclusion.<\/li><li>Investir activement dans les futurs leaders du sport au Canada \u2013 \u00ab\u2009ouvrir des portes pour les autres\u2009\u00bb.D\u00e9montre son alignement sur les principes et les actions de la <a href=\"https:\/\/inclusionincanadiansports.ca\/fr\/boite-a-outils-icsn-franc-jeu\/\">boite \u00e0 outils Franc jeu d&rsquo;IRSC<\/a> .<\/li><li>Sert de mod\u00e8le pour motiver les autres \u00e0 adopter l&rsquo;\u00e9quit\u00e9 et l&rsquo;inclusion.<\/li><li>A fait la d\u00e9monstration d&rsquo;un partenariat authentique avec les PANDC ou les communaut\u00e9s marginalis\u00e9es.<\/li><li>A utilis\u00e9 son influence personnelle ou institutionnelle pour ouvrir des canaux en faveur de l&rsquo;\u00e9quit\u00e9, de la diversit\u00e9 et de l&rsquo;inclusion.<\/li><\/ul>\t\t\t\t\t\t\t\t<\/div>\n\t\t\t\t<\/div>\n\t\t\t\t<\/div>\n\t\t\t\t\t<\/div>\n\t\t\t\t<\/div>\n\t\t<div class=\"elementor-element elementor-element-2e499dcb e-flex e-con-boxed e-con e-parent\" data-id=\"2e499dcb\" data-element_type=\"container\" data-e-type=\"container\" data-settings=\"{&quot;jet_parallax_layout_list&quot;:[]}\">\n\t\t\t\t\t<div class=\"e-con-inner\">\n\t\t\t\t<div class=\"elementor-element elementor-element-5922eb55 elementor-align-center elementor-widget elementor-widget-button\" data-id=\"5922eb55\" data-element_type=\"widget\" data-e-type=\"widget\" data-widget_type=\"button.default\">\n\t\t\t\t<div class=\"elementor-widget-container\">\n\t\t\t\t\t\t\t\t\t<div class=\"elementor-button-wrapper\">\n\t\t\t\t\t<a class=\"elementor-button elementor-button-link elementor-size-sm\" href=\"https:\/\/docs.google.com\/forms\/d\/1l62mVSQoMTimPAzRWjrHYK857aDunKLNAikwWv8Fh_I\/edit\" target=\"_blank\">\n\t\t\t\t\t\t<span class=\"elementor-button-content-wrapper\">\n\t\t\t\t\t\t\t\t\t<span class=\"elementor-button-text\">Formulaire de nomination<\/span>\n\t\t\t\t\t<\/span>\n\t\t\t\t\t<\/a>\n\t\t\t\t<\/div>\n\t\t\t\t\t\t\t\t<\/div>\n\t\t\t\t<\/div>\n\t\t\t\t\t<\/div>\n\t\t\t\t<\/div>\n\t\t\t\t<\/div>\n\t\t\t\t\t\t<\/div>\n\t\t\t<\/div>\n\t\t\t\n\t\t\t\t\t\t<div class=\"raven-tabs-title raven-tabs-mobile-title raven-tabs-has-icon\" role=\"tab\" tabindex=\"-1\" data-tab=\"2\">\n\t\t\t\t\t\t\t<span class=\"raven-tabs-title-icon\">\n\t\t\t\t\t\t\t<\/span>\n\t\t\t\t\t\t\t<span class=\"raven-tabs-title-text\">Le Prix du Leader \u00e9mergent PANDC de l'ann\u00e9e<\/span>\n\t\t\t<\/div>\n\t\t\t\t\t\t<div id=\"raven-tabs-content-1982\" class=\"raven-tabs-content elementor-clearfix\" role=\"tabpanel\" aria-labelledby=\"raven-tabs-title-1982\" data-tab=\"2\">\n\t\t\t\t<div class=\"raven-animations-none is-template-content\">\n\t\t\t\t\t\t<div data-elementor-type=\"section\" data-elementor-id=\"9930\" class=\"elementor elementor-9930 elementor-9837 elementor-9837\" data-elementor-post-type=\"elementor_library\">\n\t\t\t<div class=\"elementor-element elementor-element-13cd7707 e-flex e-con-boxed e-con e-parent\" data-id=\"13cd7707\" data-element_type=\"container\" data-e-type=\"container\" data-settings=\"{&quot;jet_parallax_layout_list&quot;:[]}\">\n\t\t\t\t\t<div class=\"e-con-inner\">\n\t\t\t\t<div class=\"elementor-element elementor-element-6fccb92b elementor-widget elementor-widget-text-editor\" data-id=\"6fccb92b\" data-element_type=\"widget\" data-e-type=\"widget\" data-widget_type=\"text-editor.default\">\n\t\t\t\t<div class=\"elementor-widget-container\">\n\t\t\t\t\t\t\t\t\t<p>Le Prix du Leader \u00e9mergent PANDC de l&rsquo;ann\u00e9e rend hommage \u00e0 un jeune leader ou \u00e0 un leader en d\u00e9but de carri\u00e8re qui favorise des progr\u00e8s significatifs sur le plan de l&rsquo;\u00e9quit\u00e9, de la diversit\u00e9 et de l&rsquo;inclusion (EDI) au sein du syst\u00e8me canadien de sport amateur.<\/p><p>Ce prix reconna\u00eet une personne qui incarne la prochaine g\u00e9n\u00e9ration de leadership, quelqu&rsquo;un qui utilise sa passion, sa cr\u00e9ativit\u00e9 et sa voix pour inspirer les autres, faire tomber les barri\u00e8res et promouvoir des environnements sportifs inclusifs dans sa communaut\u00e9 ou son organisation.<\/p>\t\t\t\t\t\t\t\t<\/div>\n\t\t\t\t<\/div>\n\t\t\t\t\t<\/div>\n\t\t\t\t<\/div>\n\t\t<div class=\"elementor-element elementor-element-61369259 e-flex e-con-boxed e-con e-parent\" data-id=\"61369259\" data-element_type=\"container\" data-e-type=\"container\" data-settings=\"{&quot;jet_parallax_layout_list&quot;:[]}\">\n\t\t\t\t\t<div class=\"e-con-inner\">\n\t\t<div class=\"elementor-element elementor-element-67a9b0c3 e-con-full e-flex e-con e-child\" data-id=\"67a9b0c3\" data-element_type=\"container\" data-e-type=\"container\" data-settings=\"{&quot;jet_parallax_layout_list&quot;:[]}\">\n\t\t\t\t<div class=\"elementor-element elementor-element-754fa76f elementor-widget elementor-widget-heading\" data-id=\"754fa76f\" data-element_type=\"widget\" data-e-type=\"widget\" data-widget_type=\"heading.default\">\n\t\t\t\t<div class=\"elementor-widget-container\">\n\t\t\t\t\t<h2 class=\"elementor-heading-title elementor-size-default\">Conditions d'admissibilit\u00e9<\/h2>\t\t\t\t<\/div>\n\t\t\t\t<\/div>\n\t\t\t\t<div class=\"elementor-element elementor-element-51616979 elementor-widget elementor-widget-text-editor\" data-id=\"51616979\" data-element_type=\"widget\" data-e-type=\"widget\" data-widget_type=\"text-editor.default\">\n\t\t\t\t<div class=\"elementor-widget-container\">\n\t\t\t\t\t\t\t\t\t<h6>Les personnes nomm\u00e9es doivent :<\/h6><ul><li>s&rsquo;identifier comme personne autochtone, noire ou de couleur (PANDC)<\/li><li>\u00eatre \u00e2g\u00e9e de 18 \u00e0 30 ans au moment de la nomination<\/li><li>\u00eatre activement impliqu\u00e9e dans le sport amateur, communautaire ou d\u00e9butant au Canada (par exemple, athl\u00e8te, entraineur, administrateur, b\u00e9n\u00e9vole ou porte-parole).<\/li><\/ul>\t\t\t\t\t\t\t\t<\/div>\n\t\t\t\t<\/div>\n\t\t\t\t<\/div>\n\t\t<div class=\"elementor-element elementor-element-565dc75 e-con-full e-flex e-con e-child\" data-id=\"565dc75\" data-element_type=\"container\" data-e-type=\"container\" data-settings=\"{&quot;jet_parallax_layout_list&quot;:[]}\">\n\t\t\t\t<div class=\"elementor-element elementor-element-33af6e78 elementor-widget elementor-widget-heading\" data-id=\"33af6e78\" data-element_type=\"widget\" data-e-type=\"widget\" data-widget_type=\"heading.default\">\n\t\t\t\t<div class=\"elementor-widget-container\">\n\t\t\t\t\t<h2 class=\"elementor-heading-title elementor-size-default\">Crit\u00e8res de s\u00e9lection<\/h2>\t\t\t\t<\/div>\n\t\t\t\t<\/div>\n\t\t\t\t<div class=\"elementor-element elementor-element-1fa16da9 elementor-widget elementor-widget-text-editor\" data-id=\"1fa16da9\" data-element_type=\"widget\" data-e-type=\"widget\" data-widget_type=\"text-editor.default\">\n\t\t\t\t<div class=\"elementor-widget-container\">\n\t\t\t\t\t\t\t\t\t<h6>Pour \u00eatre qualifi\u00e9s, les candidats doivent r\u00e9pondre aux exigences suivantes :<\/h6><ul><li>D\u00e9montrer des qualit\u00e9s de leadership par la promotion, la cr\u00e9ativit\u00e9 et l&rsquo;innovation dans le sport amateur canadien.<\/li><li>Faire preuve d&rsquo;un potentiel \u00e9vident de d\u00e9veloppement continu en tant que leader du sport inclusif.<br>Faire preuve d&rsquo;initiative et de cr\u00e9ativit\u00e9 pour surmonter les obstacles \u00e0 l&rsquo;inclusion.<\/li><li>Refl\u00e9ter les principes de la <a href=\"https:\/\/inclusionincanadiansports.ca\/fr\/boite-a-outils-icsn-franc-jeu\/\">boite \u00e0 outils Franc jeu d&rsquo;IRSC<\/a> dans la pratique.<\/li><\/ul>\t\t\t\t\t\t\t\t<\/div>\n\t\t\t\t<\/div>\n\t\t\t\t<\/div>\n\t\t\t\t\t<\/div>\n\t\t\t\t<\/div>\n\t\t<div class=\"elementor-element elementor-element-455c4141 e-flex e-con-boxed e-con e-parent\" data-id=\"455c4141\" data-element_type=\"container\" data-e-type=\"container\" data-settings=\"{&quot;jet_parallax_layout_list&quot;:[]}\">\n\t\t\t\t\t<div class=\"e-con-inner\">\n\t\t\t\t<div class=\"elementor-element elementor-element-6e279f65 elementor-align-center elementor-widget elementor-widget-button\" data-id=\"6e279f65\" data-element_type=\"widget\" data-e-type=\"widget\" data-widget_type=\"button.default\">\n\t\t\t\t<div class=\"elementor-widget-container\">\n\t\t\t\t\t\t\t\t\t<div class=\"elementor-button-wrapper\">\n\t\t\t\t\t<a class=\"elementor-button elementor-button-link elementor-size-sm\" href=\"https:\/\/docs.google.com\/forms\/d\/1FJQa-L7Xg4Y_iIerOybimKEThYNjftcBt6wTU2OJvT4\/edit\" target=\"_blank\">\n\t\t\t\t\t\t<span class=\"elementor-button-content-wrapper\">\n\t\t\t\t\t\t\t\t\t<span class=\"elementor-button-text\">Formulaire de nomination<\/span>\n\t\t\t\t\t<\/span>\n\t\t\t\t\t<\/a>\n\t\t\t\t<\/div>\n\t\t\t\t\t\t\t\t<\/div>\n\t\t\t\t<\/div>\n\t\t\t\t\t<\/div>\n\t\t\t\t<\/div>\n\t\t\t\t<\/div>\n\t\t\t\t\t\t<\/div>\n\t\t\t<\/div>\n\t\t\t\n\t\t\t\t\t\t<div class=\"raven-tabs-title raven-tabs-mobile-title raven-tabs-has-icon\" role=\"tab\" tabindex=\"-1\" data-tab=\"3\">\n\t\t\t\t\t\t\t<span class=\"raven-tabs-title-icon\">\n\t\t\t\t\t\t\t<\/span>\n\t\t\t\t\t\t\t<span class=\"raven-tabs-title-text\">Le Prix du Sport pour tous<\/span>\n\t\t\t<\/div>\n\t\t\t\t\t\t<div id=\"raven-tabs-content-1983\" class=\"raven-tabs-content elementor-clearfix\" role=\"tabpanel\" aria-labelledby=\"raven-tabs-title-1983\" data-tab=\"3\">\n\t\t\t\t<div class=\"raven-animations-none is-template-content\">\n\t\t\t\t\t\t<div data-elementor-type=\"section\" data-elementor-id=\"9932\" class=\"elementor elementor-9932 elementor-9846 elementor-9846\" data-elementor-post-type=\"elementor_library\">\n\t\t\t<div class=\"elementor-element elementor-element-1b9710a3 e-flex e-con-boxed e-con e-parent\" data-id=\"1b9710a3\" data-element_type=\"container\" data-e-type=\"container\" data-settings=\"{&quot;jet_parallax_layout_list&quot;:[]}\">\n\t\t\t\t\t<div class=\"e-con-inner\">\n\t\t\t\t<div class=\"elementor-element elementor-element-b14056b elementor-widget elementor-widget-text-editor\" data-id=\"b14056b\" data-element_type=\"widget\" data-e-type=\"widget\" data-widget_type=\"text-editor.default\">\n\t\t\t\t<div class=\"elementor-widget-container\">\n\t\t\t\t\t\t\t\t\t<p>Le Prix du Sport pour tous r\u00e9compense un organisme communautaire qui a utilis\u00e9 le sport comme outil d&rsquo;inclusion sociale, de changement positif et de responsabilisation de la communaut\u00e9 au sein du syst\u00e8me du sport amateur canadien.<\/p><p>Ce prix met en valeur le leadership collectif, les organismes qui ont int\u00e9gr\u00e9 l&rsquo;\u00e9quit\u00e9, la diversit\u00e9 et l&rsquo;inclusion dans leurs activit\u00e9s de base et leur culture, en veillant \u00e0 ce que le sport soit accessible \u00e0 tous.<\/p>\t\t\t\t\t\t\t\t<\/div>\n\t\t\t\t<\/div>\n\t\t\t\t\t<\/div>\n\t\t\t\t<\/div>\n\t\t<div class=\"elementor-element elementor-element-31260684 e-flex e-con-boxed e-con e-parent\" data-id=\"31260684\" data-element_type=\"container\" data-e-type=\"container\" data-settings=\"{&quot;jet_parallax_layout_list&quot;:[]}\">\n\t\t\t\t\t<div class=\"e-con-inner\">\n\t\t<div class=\"elementor-element elementor-element-5bc6a325 e-con-full e-flex e-con e-child\" data-id=\"5bc6a325\" data-element_type=\"container\" data-e-type=\"container\" data-settings=\"{&quot;jet_parallax_layout_list&quot;:[]}\">\n\t\t\t\t<div class=\"elementor-element elementor-element-2fe35f1b elementor-widget elementor-widget-heading\" data-id=\"2fe35f1b\" data-element_type=\"widget\" data-e-type=\"widget\" data-widget_type=\"heading.default\">\n\t\t\t\t<div class=\"elementor-widget-container\">\n\t\t\t\t\t<h2 class=\"elementor-heading-title elementor-size-default\">Conditions d'admissibilit\u00e9<\/h2>\t\t\t\t<\/div>\n\t\t\t\t<\/div>\n\t\t\t\t<div class=\"elementor-element elementor-element-2e0b21f3 elementor-widget elementor-widget-text-editor\" data-id=\"2e0b21f3\" data-element_type=\"widget\" data-e-type=\"widget\" data-widget_type=\"text-editor.default\">\n\t\t\t\t<div class=\"elementor-widget-container\">\n\t\t\t\t\t\t\t\t\t<h6>Ouvert aux :<\/h6><ul><li style=\"font-weight: 400;\" aria-level=\"1\"><span style=\"font-weight: 400;\">Organismes de sport communautaire au Canada. <\/span><\/li><li style=\"font-weight: 400;\" aria-level=\"1\"><span style=\"font-weight: 400;\">Organismes qui fonctionnent activement depuis plus d&rsquo;un an et qui offrent des programmes ou des initiatives li\u00e9s au sport, aux loisirs ou au d\u00e9veloppement communautaire.<\/span><\/li><li style=\"font-weight: 400;\" aria-level=\"1\"><span style=\"font-weight: 400;\">Organismes d\u00e9montrant un engagement \u00e0 long terme envers les pratiques d&rsquo;EDI dans le sport amateur canadien.<\/span><\/li><\/ul>\t\t\t\t\t\t\t\t<\/div>\n\t\t\t\t<\/div>\n\t\t\t\t<\/div>\n\t\t<div class=\"elementor-element elementor-element-1167e01a e-con-full e-flex e-con e-child\" data-id=\"1167e01a\" data-element_type=\"container\" data-e-type=\"container\" data-settings=\"{&quot;jet_parallax_layout_list&quot;:[]}\">\n\t\t\t\t<div class=\"elementor-element elementor-element-7e207647 elementor-widget elementor-widget-heading\" data-id=\"7e207647\" data-element_type=\"widget\" data-e-type=\"widget\" data-widget_type=\"heading.default\">\n\t\t\t\t<div class=\"elementor-widget-container\">\n\t\t\t\t\t<h2 class=\"elementor-heading-title elementor-size-default\">Crit\u00e8res de s\u00e9lection<\/h2>\t\t\t\t<\/div>\n\t\t\t\t<\/div>\n\t\t\t\t<div class=\"elementor-element elementor-element-27e2eed3 elementor-widget elementor-widget-text-editor\" data-id=\"27e2eed3\" data-element_type=\"widget\" data-e-type=\"widget\" data-widget_type=\"text-editor.default\">\n\t\t\t\t<div class=\"elementor-widget-container\">\n\t\t\t\t\t\t\t\t\t<h6><span style=\"font-weight: 400;\">Les organismes doivent faire la preuve de :<\/span><\/h6><ul><li style=\"font-weight: 400;\" aria-level=\"1\"><span style=\"font-weight: 400;\">Un environnement de travail et d&rsquo;une culture EDI solides et durables<\/span><\/li><li style=\"font-weight: 400;\" aria-level=\"1\"><span style=\"font-weight: 400;\">Un acc\u00e8s, une participation et une inclusion accrus au sein de leur communaut\u00e9.<\/span><\/li><li style=\"font-weight: 400;\" aria-level=\"1\"><span style=\"font-weight: 400;\">L&rsquo;accent est mis sur les groupes sous-repr\u00e9sent\u00e9s ou marginalis\u00e9s (p. ex. PANDC, autochtones, nouveaux arrivants, 2SLGBTQ+, personnes en situation de handicap).<\/span><\/li><li style=\"font-weight: 400;\" aria-level=\"1\"><span style=\"font-weight: 400;\">Partenariats actifs et engagement communautaire qui amplifient l&rsquo;inclusion. <\/span><\/li><li style=\"font-weight: 400;\" aria-level=\"1\"><span style=\"font-weight: 400;\">Initiatives durables ou \u00e9volutives qui contribuent \u00e0 un changement syst\u00e9mique.<\/span><\/li><\/ul><ul><li>Refl\u00e9ter les principes de la <a href=\"https:\/\/inclusionincanadiansports.ca\/fr\/boite-a-outils-icsn-franc-jeu\/\">boite \u00e0 outils Franc jeu d&rsquo;IRSC<\/a> dans la pratique.<\/li><\/ul>\t\t\t\t\t\t\t\t<\/div>\n\t\t\t\t<\/div>\n\t\t\t\t<\/div>\n\t\t\t\t\t<\/div>\n\t\t\t\t<\/div>\n\t\t<div class=\"elementor-element elementor-element-545112ed e-flex e-con-boxed e-con e-parent\" data-id=\"545112ed\" data-element_type=\"container\" data-e-type=\"container\" data-settings=\"{&quot;jet_parallax_layout_list&quot;:[]}\">\n\t\t\t\t\t<div class=\"e-con-inner\">\n\t\t\t\t<div class=\"elementor-element elementor-element-656577fa elementor-align-center elementor-widget elementor-widget-button\" data-id=\"656577fa\" data-element_type=\"widget\" data-e-type=\"widget\" data-widget_type=\"button.default\">\n\t\t\t\t<div class=\"elementor-widget-container\">\n\t\t\t\t\t\t\t\t\t<div class=\"elementor-button-wrapper\">\n\t\t\t\t\t<a class=\"elementor-button elementor-button-link elementor-size-sm\" href=\"https:\/\/docs.google.com\/forms\/d\/12ULZnOiePGMbJ0f8srgVQhMT1haS5HQw8nGRr2C0EYk\/edit\" target=\"_blank\">\n\t\t\t\t\t\t<span class=\"elementor-button-content-wrapper\">\n\t\t\t\t\t\t\t\t\t<span class=\"elementor-button-text\">Formulaire de nomination<\/span>\n\t\t\t\t\t<\/span>\n\t\t\t\t\t<\/a>\n\t\t\t\t<\/div>\n\t\t\t\t\t\t\t\t<\/div>\n\t\t\t\t<\/div>\n\t\t\t\t\t<\/div>\n\t\t\t\t<\/div>\n\t\t\t\t<\/div>\n\t\t\t\t\t\t<\/div>\n\t\t\t<\/div>\n\t\t\t\t\t\t\t<\/div>\n\t\t\t<\/div>\n\t\t<\/div>\n\t\t\t\t\t\t<\/div>\n\t\t\t\t<\/div>\n\t\t\t\t\t<\/div>\n\t\t\t\t<\/div>\n\t\t<div class=\"elementor-element elementor-element-e163a42 e-flex e-con-boxed e-con e-parent\" data-id=\"e163a42\" data-element_type=\"container\" data-e-type=\"container\" data-settings=\"{&quot;background_background&quot;:&quot;classic&quot;,&quot;jet_parallax_layout_list&quot;:[]}\">\n\t\t\t\t\t<div class=\"e-con-inner\">\n\t\t\t\t<div class=\"elementor-element elementor-element-884d36a elementor-widget__width-initial elementor-widget-mobile__width-inherit elementor-view-default elementor-mobile-position-block-start elementor-widget elementor-widget-icon-box\" data-id=\"884d36a\" data-element_type=\"widget\" data-e-type=\"widget\" data-widget_type=\"icon-box.default\">\n\t\t\t\t<div class=\"elementor-widget-container\">\n\t\t\t\t\t\t\t<div class=\"elementor-icon-box-wrapper\">\n\n\t\t\t\t\t\t<div class=\"elementor-icon-box-icon\">\n\t\t\t\t<span  class=\"elementor-icon\">\n\t\t\t\t<svg aria-hidden=\"true\" class=\"e-font-icon-svg e-fas-star\" viewBox=\"0 0 576 512\" xmlns=\"http:\/\/www.w3.org\/2000\/svg\"><path d=\"M259.3 17.8L194 150.2 47.9 171.5c-26.2 3.8-36.7 36.1-17.7 54.6l105.7 103-25 145.5c-4.5 26.3 23.2 46 46.4 33.7L288 439.6l130.7 68.7c23.2 12.2 50.9-7.4 46.4-33.7l-25-145.5 105.7-103c19-18.5 8.5-50.8-17.7-54.6L382 150.2 316.7 17.8c-11.7-23.6-45.6-23.9-57.4 0z\"><\/path><\/svg>\t\t\t\t<\/span>\n\t\t\t<\/div>\n\t\t\t\n\t\t\t\t\t\t<div class=\"elementor-icon-box-content\">\n\n\t\t\t\t\t\t\t\t\t<h3 class=\"elementor-icon-box-title\">\n\t\t\t\t\t\t<span  >\n\t\t\t\t\t\t\tReconnaissance\t\t\t\t\t\t<\/span>\n\t\t\t\t\t<\/h3>\n\t\t\t\t\n\t\t\t\t\n\t\t\t<\/div>\n\t\t\t\n\t\t<\/div>\n\t\t\t\t\t\t<\/div>\n\t\t\t\t<\/div>\n\t\t\t\t<div class=\"elementor-element elementor-element-b49e3f3 elementor-widget elementor-widget-text-editor\" data-id=\"b49e3f3\" data-element_type=\"widget\" data-e-type=\"widget\" data-widget_type=\"text-editor.default\">\n\t\t\t\t<div class=\"elementor-widget-container\">\n\t\t\t\t\t\t\t\t\t<p>Les laur\u00e9ats seront honor\u00e9s lors de la <strong><span style=\"color: #c4141b;\">4e conf\u00e9rence annuelle sur la diversit\u00e9 dans le sport<\/span><\/strong> et recevront :<\/p><ul><li>Une reconnaissance sur sc\u00e8ne et une remise de prix lors de la conf\u00e9rence sur la diversit\u00e9 dans le sport 2026<\/li><li>Des articles dans l&rsquo;infolettre d&rsquo;IRSC, dans les m\u00e9dias sociaux et sur le site web.<\/li><li>Des possibilit\u00e9s de mentorat et de partage de r\u00e9cits par l&rsquo;interm\u00e9diaire de la plateforme d&rsquo;IRSC.<\/li><\/ul>\t\t\t\t\t\t\t\t<\/div>\n\t\t\t\t<\/div>\n\t\t\t\t\t<\/div>\n\t\t\t\t<\/div>\n\t\t<div class=\"elementor-element elementor-element-e9341bf e-flex e-con-boxed e-con e-parent\" data-id=\"e9341bf\" data-element_type=\"container\" data-e-type=\"container\" data-settings=\"{&quot;jet_parallax_layout_list&quot;:[{&quot;jet_parallax_layout_image&quot;:{&quot;url&quot;:&quot;&quot;,&quot;id&quot;:&quot;&quot;,&quot;size&quot;:&quot;&quot;},&quot;_id&quot;:&quot;b178505&quot;,&quot;jet_parallax_layout_speed&quot;:{&quot;unit&quot;:&quot;%&quot;,&quot;size&quot;:&quot;50&quot;,&quot;sizes&quot;:[]},&quot;jet_parallax_layout_bg_x&quot;:&quot;50&quot;,&quot;jet_parallax_layout_bg_y&quot;:&quot;50&quot;,&quot;jet_parallax_layout_image_tablet&quot;:{&quot;url&quot;:&quot;&quot;,&quot;id&quot;:&quot;&quot;,&quot;size&quot;:&quot;&quot;},&quot;jet_parallax_layout_image_mobile&quot;:{&quot;url&quot;:&quot;&quot;,&quot;id&quot;:&quot;&quot;,&quot;size&quot;:&quot;&quot;},&quot;jet_parallax_layout_image_laptop&quot;:{&quot;url&quot;:&quot;&quot;,&quot;id&quot;:&quot;&quot;,&quot;size&quot;:&quot;&quot;},&quot;jet_parallax_layout_type&quot;:&quot;scroll&quot;,&quot;jet_parallax_layout_direction&quot;:&quot;1&quot;,&quot;jet_parallax_layout_fx_direction&quot;:null,&quot;jet_parallax_layout_z_index&quot;:&quot;&quot;,&quot;jet_parallax_layout_bg_x_laptop&quot;:&quot;&quot;,&quot;jet_parallax_layout_bg_x_tablet&quot;:&quot;&quot;,&quot;jet_parallax_layout_bg_x_mobile&quot;:&quot;&quot;,&quot;jet_parallax_layout_bg_y_laptop&quot;:&quot;&quot;,&quot;jet_parallax_layout_bg_y_tablet&quot;:&quot;&quot;,&quot;jet_parallax_layout_bg_y_mobile&quot;:&quot;&quot;,&quot;jet_parallax_layout_bg_size&quot;:&quot;auto&quot;,&quot;jet_parallax_layout_bg_size_laptop&quot;:&quot;&quot;,&quot;jet_parallax_layout_bg_size_tablet&quot;:&quot;&quot;,&quot;jet_parallax_layout_bg_size_mobile&quot;:&quot;&quot;,&quot;jet_parallax_layout_animation_prop&quot;:&quot;transform&quot;,&quot;jet_parallax_layout_on&quot;:[&quot;desktop&quot;,&quot;tablet&quot;]}],&quot;background_background&quot;:&quot;classic&quot;}\">\n\t\t\t\t\t<div class=\"e-con-inner\">\n\t\t\t\t<div class=\"elementor-element elementor-element-3a6b88a elementor-mobile-align-center elementor-align-center elementor-widget elementor-widget-raven-heading\" data-id=\"3a6b88a\" data-element_type=\"widget\" data-e-type=\"widget\" data-widget_type=\"raven-heading.default\">\n\t\t\t\t<div class=\"elementor-widget-container\">\n\t\t\t\t\t\t\t<div class=\"raven-widget-wrapper\"><h2 class=\"raven-heading raven-heading-h2\"><span class=\"raven-heading-title \">Partagez cette page<\/span><\/h2><\/div>\n\t\t\t\t\t\t<\/div>\n\t\t\t\t<\/div>\n\t\t\t\t<div class=\"elementor-element elementor-element-910cf3e elementor-mobile-align-center elementor-align-center elementor-widget elementor-widget-raven-heading\" data-id=\"910cf3e\" data-element_type=\"widget\" data-e-type=\"widget\" data-widget_type=\"raven-heading.default\">\n\t\t\t\t<div class=\"elementor-widget-container\">\n\t\t\t\t\t\t\t<div class=\"raven-widget-wrapper\"><p class=\"raven-heading raven-heading-p\"><span class=\"raven-heading-title \">Aidez-nous \u00e0 faire conna\u00eetre et \u00e0 reconna\u00eetre les leaders du sport inclusif<\/span><\/p><\/div>\n\t\t\t\t\t\t<\/div>\n\t\t\t\t<\/div>\n\t\t\t\t<div class=\"elementor-element elementor-element-15fbaeb elementor-widget elementor-widget-raven-social-share\" data-id=\"15fbaeb\" data-element_type=\"widget\" data-e-type=\"widget\" data-widget_type=\"raven-social-share.default\">\n\t\t\t\t<div class=\"elementor-widget-container\">\n\t\t\t\t\t\n\t\t<div class=\"jupiterx-social-share-wrapper jupiterx-social-share-wrapper-col-0 jupiterx-social-share-view-icon\" id=\"jupiterx-social-share-widget-wrapper\" >\n\t\t\t\t\t\t\t\t<div class=\"jupiterx-social-share-skin-minimal\" role=\"button\" aria-label=\"hidden\" >\n\t\t\t\t<div class=\"jupiterx-social-share-button jupiterx-social-share-widget-facebook\" data-network=\"facebook\" >\n\t\t\t\t\t\t\t\t\t\t\t<span class=\"jupiterx-social-share-button-icon\">\n\t\t\t\t\t\t\t<svg class=\"e-font-icon-svg e-fab-facebook\" viewBox=\"0 0 512 512\" xmlns=\"http:\/\/www.w3.org\/2000\/svg\"><path d=\"M504 256C504 119 393 8 256 8S8 119 8 256c0 123.78 90.69 226.38 209.25 245V327.69h-63V256h63v-54.64c0-62.15 37-96.48 93.67-96.48 27.14 0 55.52 4.84 55.52 4.84v61h-31.28c-30.8 0-40.41 19.12-40.41 38.73V256h68.78l-11 71.69h-57.78V501C413.31 482.38 504 379.78 504 256z\"><\/path><\/svg>\t\t\t\t\t\t<\/span>\n\t\t\t\t\t\n\t\t\t\t\t\t\t\t\t<\/div>\n\t\t\t<\/div>\n\t\t\t\t\t\t\t\t<div class=\"jupiterx-social-share-skin-minimal\" role=\"button\" aria-label=\"hidden\" >\n\t\t\t\t<div class=\"jupiterx-social-share-button jupiterx-social-share-widget-linkedin\" data-network=\"linkedin\" >\n\t\t\t\t\t\t\t\t\t\t\t<span class=\"jupiterx-social-share-button-icon\">\n\t\t\t\t\t\t\t<svg class=\"e-font-icon-svg e-fab-linkedin\" viewBox=\"0 0 448 512\" xmlns=\"http:\/\/www.w3.org\/2000\/svg\"><path d=\"M416 32H31.9C14.3 32 0 46.5 0 64.3v383.4C0 465.5 14.3 480 31.9 480H416c17.6 0 32-14.5 32-32.3V64.3c0-17.8-14.4-32.3-32-32.3zM135.4 416H69V202.2h66.5V416zm-33.2-243c-21.3 0-38.5-17.3-38.5-38.5S80.9 96 102.2 96c21.2 0 38.5 17.3 38.5 38.5 0 21.3-17.2 38.5-38.5 38.5zm282.1 243h-66.4V312c0-24.8-.5-56.7-34.5-56.7-34.6 0-39.9 27-39.9 54.9V416h-66.4V202.2h63.7v29.2h.9c8.9-16.8 30.6-34.5 62.9-34.5 67.2 0 79.7 44.3 79.7 101.9V416z\"><\/path><\/svg>\t\t\t\t\t\t<\/span>\n\t\t\t\t\t\n\t\t\t\t\t\t\t\t\t<\/div>\n\t\t\t<\/div>\n\t\t\t\t\t\t\t\t<div class=\"jupiterx-social-share-skin-minimal\" role=\"button\" aria-label=\"hidden\" >\n\t\t\t\t<div class=\"jupiterx-social-share-button jupiterx-social-share-widget-email\" data-network=\"email\" >\n\t\t\t\t\t\t\t\t\t\t\t<span class=\"jupiterx-social-share-button-icon\">\n\t\t\t\t\t\t\t<svg class=\"e-font-icon-svg e-fas-envelope\" viewBox=\"0 0 512 512\" xmlns=\"http:\/\/www.w3.org\/2000\/svg\"><path d=\"M502.3 190.8c3.9-3.1 9.7-.2 9.7 4.7V400c0 26.5-21.5 48-48 48H48c-26.5 0-48-21.5-48-48V195.6c0-5 5.7-7.8 9.7-4.7 22.4 17.4 52.1 39.5 154.1 113.6 21.1 15.4 56.7 47.8 92.2 47.6 35.7.3 72-32.8 92.3-47.6 102-74.1 131.6-96.3 154-113.7zM256 320c23.2.4 56.6-29.2 73.4-41.4 132.7-96.3 142.8-104.7 173.4-128.7 5.8-4.5 9.2-11.5 9.2-18.9v-19c0-26.5-21.5-48-48-48H48C21.5 64 0 85.5 0 112v19c0 7.4 3.4 14.3 9.2 18.9 30.6 23.9 40.7 32.4 173.4 128.7 16.8 12.2 50.2 41.8 73.4 41.4z\"><\/path><\/svg>\t\t\t\t\t\t<\/span>\n\t\t\t\t\t\n\t\t\t\t\t\t\t\t\t<\/div>\n\t\t\t<\/div>\n\t\t\t\t\t<input type=\"hidden\" id=\"jupiterx-social-share-target\" value=\"https:\/\/inclusionincanadiansports.ca\/fr\/prix-de-lequite-de-la-diversite-et-de-linclusion-de-lirsc\/\" >\n\t\t\t<input type=\"hidden\" id=\"jupiterx-social-share-title\" value=\"Prix de l&rsquo;\u00e9quit\u00e9, de la diversit\u00e9 et de l&rsquo;inclusion\" >\n\t\t\t<input type=\"hidden\" id=\"jupiterx-social-share-image\" value=\"\" >\n\t\t<\/div>\n\n\t\t\t\t\t\t<\/div>\n\t\t\t\t<\/div>\n\t\t\t\t\t<\/div>\n\t\t\t\t<\/div>\n\t\t<div class=\"elementor-element elementor-element-f980357 e-flex e-con-boxed e-con e-parent\" data-id=\"f980357\" data-element_type=\"container\" data-e-type=\"container\" data-settings=\"{&quot;background_background&quot;:&quot;classic&quot;,&quot;jet_parallax_layout_list&quot;:[]}\">\n\t\t\t\t\t<div class=\"e-con-inner\">\n\t\t\t\t<div class=\"elementor-element elementor-element-5309410 elementor-widget elementor-widget-heading\" data-id=\"5309410\" data-element_type=\"widget\" data-e-type=\"widget\" data-widget_type=\"heading.default\">\n\t\t\t\t<div class=\"elementor-widget-container\">\n\t\t\t\t\t<h2 class=\"elementor-heading-title elementor-size-default\">Questions?<\/h2>\t\t\t\t<\/div>\n\t\t\t\t<\/div>\n\t\t\t\t<div class=\"elementor-element elementor-element-571eeaf elementor-widget elementor-widget-text-editor\" data-id=\"571eeaf\" data-element_type=\"widget\" data-e-type=\"widget\" data-widget_type=\"text-editor.default\">\n\t\t\t\t<div class=\"elementor-widget-container\">\n\t\t\t\t\t\t\t\t\t<p>Pour toute question concernant les prix EDI d&rsquo;IRSC, veuillez contacter : <a href=\"mailto:info@inclusionincanadiansports.ca\">info@inclusionincanadiansports.ca<\/a><\/p>\t\t\t\t\t\t\t\t<\/div>\n\t\t\t\t<\/div>\n\t\t\t\t\t<\/div>\n\t\t\t\t<\/div>\n\t\t\t\t<\/div>\n\t\t","protected":false},"excerpt":{"rendered":"<p>Prix de l&rsquo;\u00e9quit\u00e9, de la diversit\u00e9 et de l&rsquo;inclusion de l&rsquo;IRSC Inclusion dans le r\u00e9seau du sport canadien (IRSC) est fier de pr\u00e9senter les Prix de l&rsquo;\u00e9quit\u00e9, de la diversit\u00e9 et de l&rsquo;inclusion de l&rsquo;IRSC, une initiative qui reconna\u00eet les individus et les organismes de sport pour d\u00e9butant ou communautaires qui se font les champions [&hellip;]<\/p>\n","protected":false},"author":1,"featured_media":0,"parent":0,"menu_order":0,"comment_status":"closed","ping_status":"closed","template":"elementor_header_footer","meta":{"_acf_changed":false,"footnotes":""},"class_list":["post-9903","page","type-page","status-publish","hentry"],"acf":[],"_links":{"self":[{"href":"https:\/\/inclusionincanadiansports.ca\/fr\/wp-json\/wp\/v2\/pages\/9903","targetHints":{"allow":["GET"]}}],"collection":[{"href":"https:\/\/inclusionincanadiansports.ca\/fr\/wp-json\/wp\/v2\/pages"}],"about":[{"href":"https:\/\/inclusionincanadiansports.ca\/fr\/wp-json\/wp\/v2\/types\/page"}],"author":[{"embeddable":true,"href":"https:\/\/inclusionincanadiansports.ca\/fr\/wp-json\/wp\/v2\/users\/1"}],"replies":[{"embeddable":true,"href":"https:\/\/inclusionincanadiansports.ca\/fr\/wp-json\/wp\/v2\/comments?post=9903"}],"version-history":[{"count":12,"href":"https:\/\/inclusionincanadiansports.ca\/fr\/wp-json\/wp\/v2\/pages\/9903\/revisions"}],"predecessor-version":[{"id":10543,"href":"https:\/\/inclusionincanadiansports.ca\/fr\/wp-json\/wp\/v2\/pages\/9903\/revisions\/10543"}],"wp:attachment":[{"href":"https:\/\/inclusionincanadiansports.ca\/fr\/wp-json\/wp\/v2\/media?parent=9903"}],"curies":[{"name":"wp","href":"https:\/\/api.w.org\/{rel}","templated":true}]}}