{"id":8077,"date":"2025-05-26T17:41:02","date_gmt":"2025-05-26T21:41:02","guid":{"rendered":"https:\/\/inclusionincanadiansports.ca\/journee-des-leaders-noirs-dans-le-sport\/"},"modified":"2026-04-01T19:03:39","modified_gmt":"2026-04-01T23:03:39","slug":"journee-des-leaders-noirs-dans-le-sport-2025","status":"publish","type":"page","link":"https:\/\/inclusionincanadiansports.ca\/fr\/journee-des-leaders-noirs-dans-le-sport-2025\/","title":{"rendered":"Journ\u00e9e des leaders noirs dans le sport"},"content":{"rendered":"\t\t<div data-elementor-type=\"wp-page\" data-elementor-id=\"8077\" class=\"elementor elementor-8077 elementor-8018\" data-elementor-post-type=\"page\">\n\t\t\t\t<div class=\"elementor-element elementor-element-58513d3 e-con-full e-flex e-con e-parent\" data-id=\"58513d3\" data-element_type=\"container\" data-e-type=\"container\" data-settings=\"{&quot;jet_parallax_layout_list&quot;:[]}\">\n\t\t\t\t<div class=\"elementor-element elementor-element-44bc6e1 elementor-widget elementor-widget-image\" data-id=\"44bc6e1\" data-element_type=\"widget\" data-e-type=\"widget\" data-widget_type=\"image.default\">\n\t\t\t\t<div class=\"elementor-widget-container\">\n\t\t\t\t\t\t\t\t\t\t\t\t\t\t\t<img fetchpriority=\"high\" decoding=\"async\" width=\"1920\" height=\"992\" src=\"https:\/\/inclusionincanadiansports.ca\/wp-content\/uploads\/2025\/05\/bld-main.jpg\" class=\"attachment-full size-full wp-image-8038\" alt=\"\" srcset=\"https:\/\/inclusionincanadiansports.ca\/wp-content\/uploads\/2025\/05\/bld-main.jpg 1920w, https:\/\/inclusionincanadiansports.ca\/wp-content\/uploads\/2025\/05\/bld-main-300x155.jpg 300w, https:\/\/inclusionincanadiansports.ca\/wp-content\/uploads\/2025\/05\/bld-main-1024x529.jpg 1024w, https:\/\/inclusionincanadiansports.ca\/wp-content\/uploads\/2025\/05\/bld-main-768x397.jpg 768w, https:\/\/inclusionincanadiansports.ca\/wp-content\/uploads\/2025\/05\/bld-main-1536x794.jpg 1536w\" sizes=\"(max-width: 1920px) 100vw, 1920px\" \/>\t\t\t\t\t\t\t\t\t\t\t\t\t\t\t<\/div>\n\t\t\t\t<\/div>\n\t\t\t\t<\/div>\n\t\t<div class=\"elementor-element elementor-element-6aee166 e-flex e-con-boxed e-con e-parent\" data-id=\"6aee166\" data-element_type=\"container\" data-e-type=\"container\" data-settings=\"{&quot;jet_parallax_layout_list&quot;:[]}\">\n\t\t\t\t\t<div class=\"e-con-inner\">\n\t\t\t\t<div class=\"elementor-element elementor-element-a139af2 elementor-align-center elementor-widget elementor-widget-raven-heading\" data-id=\"a139af2\" data-element_type=\"widget\" data-e-type=\"widget\" data-widget_type=\"raven-heading.default\">\n\t\t\t\t<div class=\"elementor-widget-container\">\n\t\t\t\t\t\t\t<div class=\"raven-widget-wrapper\"><h2 class=\"raven-heading raven-heading-h2\"><span class=\"raven-heading-title \">Journ\u00e9e des leaders noirs dans le sport<\/span><\/h2><\/div>\n\t\t\t\t\t\t<\/div>\n\t\t\t\t<\/div>\n\t\t\t\t<div class=\"elementor-element elementor-element-46e7943 elementor-widget-mobile__width-inherit elementor-widget elementor-widget-text-editor\" data-id=\"46e7943\" data-element_type=\"widget\" data-e-type=\"widget\" data-widget_type=\"text-editor.default\">\n\t\t\t\t<div class=\"elementor-widget-container\">\n\t\t\t\t\t\t\t\t\t<p>Le 2 avril 2025, IRSC a fi\u00e8rement organis\u00e9 la premi\u00e8re Journ\u00e9e des leaders noirs dans le sport \u00e0 Ottawa, marquant ainsi une premi\u00e8re historique dans le sport canadien. Pour la premi\u00e8re fois, des professionnels noirs de l\u2019ensemble du syst\u00e8me sportif amateur, notamment des administrateurs, des entraineurs, des officiels, des chercheurs et des experts en m\u00e9decine du sport se sont r\u00e9unis pour collaborer, apprendre et prendre les devants. <\/p><p>Cet \u00e9v\u00e8nement historique survient \u00e0 un moment critique. Selon une \u00e9tude de Statistique Canada r\u00e9alis\u00e9e en 2025, plus d\u2019un quart (26 %) des participants \u00e0 des activit\u00e9s sportives per\u00e7oivent le racisme et la discrimination comme des probl\u00e8mes permanents dans le sport communautaire. Les personnes racialis\u00e9es sont trois fois plus susceptibles de subir un traitement injuste que leurs homologues non racialis\u00e9s.  <\/p><p>La Journ\u00e9e des leaders noirs dans le sport est une r\u00e9ponse directe \u00e0 ces r\u00e9alit\u00e9s &#8211; cr\u00e9er un espace pour le soutien, la d\u00e9fense des droits et le d\u00e9veloppement de voies de leadership \u00e9quitables dans le sport. Avec le soutien massif des participants et des partenaires, IRSC se r\u00e9jouit d&rsquo;\u00e9tendre cette initiative en 2026 et au-del\u00e0. <\/p>\t\t\t\t\t\t\t\t<\/div>\n\t\t\t\t<\/div>\n\t\t\t\t<div class=\"elementor-element elementor-element-b109e3f elementor-widget elementor-widget-button\" data-id=\"b109e3f\" data-element_type=\"widget\" data-e-type=\"widget\" data-widget_type=\"button.default\">\n\t\t\t\t<div class=\"elementor-widget-container\">\n\t\t\t\t\t\t\t\t\t<div class=\"elementor-button-wrapper\">\n\t\t\t\t\t<a class=\"elementor-button elementor-button-link elementor-size-sm\" href=\"https:\/\/inclusionincanadiansports.ca\/fr\/2025\/04\/04\/la-toute-premiere-journee-des-dirigeants-noirs-dans-le-sport-au-canada-marque-une-etape-historique\/\" target=\"_blank\">\n\t\t\t\t\t\t<span class=\"elementor-button-content-wrapper\">\n\t\t\t\t\t\t\t\t\t<span class=\"elementor-button-text\">Communiqu\u00e9 de presse<\/span>\n\t\t\t\t\t<\/span>\n\t\t\t\t\t<\/a>\n\t\t\t\t<\/div>\n\t\t\t\t\t\t\t\t<\/div>\n\t\t\t\t<\/div>\n\t\t\t\t<div class=\"elementor-element elementor-element-ac5df91 elementor-widget elementor-widget-jet-video\" data-id=\"ac5df91\" data-element_type=\"widget\" data-e-type=\"widget\" data-widget_type=\"jet-video.default\">\n\t\t\t\t<div class=\"elementor-widget-container\">\n\t\t\t\t\t<div class=\"elementor-jet-video jet-elements\">\n<div class=\"jet-video jet-video--fa5-compat jet-video-aspect-ratio jet-video-aspect-ratio--16-9\" data-settings=\"{&quot;lightbox&quot;:false,&quot;autoplay&quot;:false}\"><iframe class=\"jet-video-iframe\" allowfullscreen allow=\"autoplay;encrypted-media\" title=\"Lecteur vid\u00e9o youtube\" data-lazy-load=\"https:\/\/www.youtube.com\/embed\/eOddn-Nv8sg?feature=oembed&amp;start&amp;end&amp;wmode=opaque&amp;autoplay=0&amp;loop=0&amp;controls=1&amp;mute=0&amp;rel=0&amp;modestbranding=0\"><\/iframe>\n<div class=\"jet-video__overlay jet-video__overlay--custom-bg\" style=\"background-image: url(https:\/\/i.ytimg.com\/vi_webp\/eOddn-Nv8sg\/maxresdefault.webp);\">\n<div class=\"jet-video__play-button\" role=\"button\" tabindex=\"0\" aria-label=\"Video play button\"><span class=\"jet-elements-icon jet-video__play-button-icon\"><svg aria-hidden=\"true\" class=\"e-font-icon-svg e-fas-play\" viewBox=\"0 0 448 512\" xmlns=\"http:\/\/www.w3.org\/2000\/svg\"><path d=\"M424.4 214.7L72.4 6.6C43.8-10.3 0 6.1 0 47.9V464c0 37.5 40.7 60.1 72.4 41.3l352-208c31.4-18.5 31.5-64.1 0-82.6z\"><\/path><\/svg><\/span>\t<span class=\"elementor-screen-only\">Play Video<\/span>\n<\/div>\n<\/div>\n<\/div>\n<\/div>\t\t\t\t<\/div>\n\t\t\t\t<\/div>\n\t\t\t\t\t<\/div>\n\t\t\t\t<\/div>\n\t\t<div class=\"elementor-element elementor-element-a3f4c3c e-flex e-con-boxed e-con e-parent\" data-id=\"a3f4c3c\" data-element_type=\"container\" data-e-type=\"container\" data-settings=\"{&quot;jet_parallax_layout_list&quot;:[],&quot;background_background&quot;:&quot;classic&quot;}\">\n\t\t\t\t\t<div class=\"e-con-inner\">\n\t\t\t\t<div class=\"elementor-element elementor-element-4775bf1 raven-testimonial--skin-default raven-testimonial--layout-image_inline raven-testimonial--align-center raven-arrows-yes raven-pagination-type-bullets elementor-widget elementor-widget-raven-testimonial-carousel\" data-id=\"4775bf1\" data-element_type=\"widget\" data-e-type=\"widget\" data-settings=\"{&quot;slides_per_view&quot;:{&quot;unit&quot;:&quot;px&quot;,&quot;size&quot;:1,&quot;sizes&quot;:[]},&quot;slides_per_view_laptop&quot;:{&quot;unit&quot;:&quot;px&quot;,&quot;size&quot;:1,&quot;sizes&quot;:[]},&quot;slides_per_view_tablet&quot;:{&quot;unit&quot;:&quot;px&quot;,&quot;size&quot;:1,&quot;sizes&quot;:[]},&quot;slides_per_view_mobile&quot;:{&quot;unit&quot;:&quot;px&quot;,&quot;size&quot;:1,&quot;sizes&quot;:[]},&quot;show_arrows&quot;:&quot;yes&quot;,&quot;pagination&quot;:&quot;bullets&quot;,&quot;speed&quot;:500,&quot;autoplay&quot;:&quot;yes&quot;,&quot;autoplay_speed&quot;:5000,&quot;loop&quot;:&quot;yes&quot;,&quot;pause_on_hover&quot;:&quot;yes&quot;,&quot;pause_on_interaction&quot;:&quot;yes&quot;,&quot;space_between&quot;:{&quot;unit&quot;:&quot;px&quot;,&quot;size&quot;:10,&quot;sizes&quot;:[]},&quot;space_between_laptop&quot;:{&quot;unit&quot;:&quot;px&quot;,&quot;size&quot;:10,&quot;sizes&quot;:[]},&quot;space_between_tablet&quot;:{&quot;unit&quot;:&quot;px&quot;,&quot;size&quot;:10,&quot;sizes&quot;:[]},&quot;space_between_mobile&quot;:{&quot;unit&quot;:&quot;px&quot;,&quot;size&quot;:10,&quot;sizes&quot;:[]},&quot;pagination_gap&quot;:{&quot;unit&quot;:&quot;px&quot;,&quot;size&quot;:&quot;&quot;,&quot;sizes&quot;:[]},&quot;pagination_gap_laptop&quot;:{&quot;unit&quot;:&quot;px&quot;,&quot;size&quot;:&quot;&quot;,&quot;sizes&quot;:[]},&quot;pagination_gap_tablet&quot;:{&quot;unit&quot;:&quot;px&quot;,&quot;size&quot;:&quot;&quot;,&quot;sizes&quot;:[]},&quot;pagination_gap_mobile&quot;:{&quot;unit&quot;:&quot;px&quot;,&quot;size&quot;:&quot;&quot;,&quot;sizes&quot;:[]}}\" data-widget_type=\"raven-testimonial-carousel.default\">\n\t\t\t\t<div class=\"elementor-widget-container\">\n\t\t\t\t\t\t\t<div class=\"raven-swiper\">\n\t\t\t<div class=\"raven-main-swiper swiper\">\n\t\t\t\t<div class=\"swiper-wrapper\">\n\t\t\t\t\t\t\t\t\t\t\t<div class=\"swiper-slide\">\n\t\t\t\t\t\t\t\t\t<div class=\"raven-testimonial\">\n\t\t\t\t\t\t\t<div class=\"raven-testimonial__content\">\n\t\t\t\t\t<div class=\"raven-testimonial__text raven-testimonial-content-text\">\n\t\t\t\t\t\t\u00ab\u2009Cela a \u00e9t\u00e9 extr\u00eamement important pour moi. Je me sens extr\u00eamement b\u00e9nie et honor\u00e9e d&#039;avoir \u00e9t\u00e9 incluse. Le niveau de leadership et d&#039;intelligence dans la salle, multiculturelle, multig\u00e9n\u00e9rationnelle, multiprovinciale et multidisciplinaire au sein du secteur du sport canadien \u00e9tait plus qu&#039;impressionnant. J&#039;ai fait part de mes r\u00e9flexions personnelles dans mes remerciements pr\u00e9c\u00e9dents, mais cela reste le point culminant de mon ann\u00e9e. Quelle exp\u00e9rience enrichissante et \u00e0 laquelle j&#039;esp\u00e8re participer \u00e0 l&#039;avenir.\u2009\u00bb\t\t\t\t\t<\/div>\n\t\t\t\t\t\t\t\t\t<\/div>\n\t\t\t\t\t\t<div class=\"raven-testimonial__footer raven-testimonial-content-text-footer\">\n\t\t\t\t\t\t\t\t\t\t\t<\/div>\n\t\t<\/div>\n\t\t\t\t\t\t\t\t<\/div>\n\t\t\t\t\t\t\t\t\t\t\t<div class=\"swiper-slide\">\n\t\t\t\t\t\t\t\t\t<div class=\"raven-testimonial\">\n\t\t\t\t\t\t\t<div class=\"raven-testimonial__content\">\n\t\t\t\t\t<div class=\"raven-testimonial__text raven-testimonial-content-text\">\n\t\t\t\t\t\t\u00ab\u2009Ce fut un honneur de participer \u00e0 cet \u00e9v\u00e8nement et de continuer \u00e0 contribuer \u00e0 fa\u00e7onner l&#039;avenir du d\u00e9mant\u00e8lement du racisme syst\u00e9mique dans le sport. J&#039;aimerais que tout le monde ait l&#039;occasion, \u00e0 l&#039;avenir, de faire entendre sa voix de cette mani\u00e8re.\u2009\u00bb\t\t\t\t\t<\/div>\n\t\t\t\t\t\t\t\t\t<\/div>\n\t\t\t\t\t\t<div class=\"raven-testimonial__footer raven-testimonial-content-text-footer\">\n\t\t\t\t\t\t\t\t\t\t\t<\/div>\n\t\t<\/div>\n\t\t\t\t\t\t\t\t<\/div>\n\t\t\t\t\t\t\t\t\t\t\t<div class=\"swiper-slide\">\n\t\t\t\t\t\t\t\t\t<div class=\"raven-testimonial\">\n\t\t\t\t\t\t\t<div class=\"raven-testimonial__content\">\n\t\t\t\t\t<div class=\"raven-testimonial__text raven-testimonial-content-text\">\n\t\t\t\t\t\t\u00ab\u2009Ce fut un honneur de participer \u00e0 la toute premi\u00e8re Journ\u00e9e des leaders noirs dans le sport\u2009! J&#039;ai vraiment appr\u00e9ci\u00e9 l&#039;invitation et le fait d&#039;\u00eatre dans une salle remplie de leaders noirs du sport de partout au Canada. Les connaissances, le soutien et l&#039;\u00e9nergie partag\u00e9s \u00e9taient incroyables.\u2009\u00bb\t\t\t\t\t<\/div>\n\t\t\t\t\t\t\t\t\t<\/div>\n\t\t\t\t\t\t<div class=\"raven-testimonial__footer raven-testimonial-content-text-footer\">\n\t\t\t\t\t\t\t\t\t\t\t<\/div>\n\t\t<\/div>\n\t\t\t\t\t\t\t\t<\/div>\n\t\t\t\t\t\t\t\t\t\t\t<div class=\"swiper-slide\">\n\t\t\t\t\t\t\t\t\t<div class=\"raven-testimonial\">\n\t\t\t\t\t\t\t<div class=\"raven-testimonial__content\">\n\t\t\t\t\t<div class=\"raven-testimonial__text raven-testimonial-content-text\">\n\t\t\t\t\t\t\u00ab\u2009L&#039;une des choses qui m&#039;a frapp\u00e9e, ce sont les MULTIPLES casquettes que tout le monde porte : travailler \u00e0 plein temps avec une famille, s&#039;engager dans le coaching et contribuer \u00e0 la communaut\u00e9. C\u2019est probablement parce que nous ressentons la pression de le faire en tant que \u201cseul repr\u00e9sentant\u201d m\u00eame si nous aimons notre sport.\u2009\u00bb\t\t\t\t\t<\/div>\n\t\t\t\t\t\t\t\t\t<\/div>\n\t\t\t\t\t\t<div class=\"raven-testimonial__footer raven-testimonial-content-text-footer\">\n\t\t\t\t\t\t\t\t\t\t\t<\/div>\n\t\t<\/div>\n\t\t\t\t\t\t\t\t<\/div>\n\t\t\t\t\t\t\t\t\t\t\t<div class=\"swiper-slide\">\n\t\t\t\t\t\t\t\t\t<div class=\"raven-testimonial\">\n\t\t\t\t\t\t\t<div class=\"raven-testimonial__content\">\n\t\t\t\t\t<div class=\"raven-testimonial__text raven-testimonial-content-text\">\n\t\t\t\t\t\t\u00ab\u2009C&#039;\u00e9tait tr\u00e8s valorisant de se reconna\u00eetre parmi les personnes pr\u00e9sentes dans la salle. C&#039;est rare au niveau de l&#039;administration du sport.\u2009\u00bb\t\t\t\t\t<\/div>\n\t\t\t\t\t\t\t\t\t<\/div>\n\t\t\t\t\t\t<div class=\"raven-testimonial__footer raven-testimonial-content-text-footer\">\n\t\t\t\t\t\t\t\t\t\t\t<\/div>\n\t\t<\/div>\n\t\t\t\t\t\t\t\t<\/div>\n\t\t\t\t\t\t\t\t\t<\/div>\n\t\t\t\t\t\t\t\t\t\t\t\t\t\t\t<div class=\"swiper-pagination\"><\/div>\n\t\t\t\t\t\t\t\t\t\t\t\t\t\t\t\t<div class=\"navigation-arrow-prev--position-left navigation-arrow-prev--position-top elementor-swiper-button elementor-swiper-button-prev\">\n\t\t\t\t\t\t\t<svg aria-hidden=\"true\" class=\"e-font-icon-svg e-fas-angle-left\" viewBox=\"0 0 256 512\" xmlns=\"http:\/\/www.w3.org\/2000\/svg\"><path d=\"M31.7 239l136-136c9.4-9.4 24.6-9.4 33.9 0l22.6 22.6c9.4 9.4 9.4 24.6 0 33.9L127.9 256l96.4 96.4c9.4 9.4 9.4 24.6 0 33.9L201.7 409c-9.4 9.4-24.6 9.4-33.9 0l-136-136c-9.5-9.4-9.5-24.6-.1-34z\"><\/path><\/svg>\t\t\t\t\t\t\t<span class=\"elementor-screen-only\">Previous<\/span>\n\t\t\t\t\t\t<\/div>\n\t\t\t\t\t\t<div class=\"navigation-arrow-next--position-right navigation-arrow-next--position-top elementor-swiper-button elementor-swiper-button-next\">\n\t\t\t\t\t\t\t<svg aria-hidden=\"true\" class=\"e-font-icon-svg e-fas-angle-right\" viewBox=\"0 0 256 512\" xmlns=\"http:\/\/www.w3.org\/2000\/svg\"><path d=\"M224.3 273l-136 136c-9.4 9.4-24.6 9.4-33.9 0l-22.6-22.6c-9.4-9.4-9.4-24.6 0-33.9l96.4-96.4-96.4-96.4c-9.4-9.4-9.4-24.6 0-33.9L54.3 103c9.4-9.4 24.6-9.4 33.9 0l136 136c9.5 9.4 9.5 24.6.1 34z\"><\/path><\/svg>\t\t\t\t\t\t\t<span class=\"elementor-screen-only\">Next<\/span>\n\t\t\t\t\t\t<\/div>\n\t\t\t\t\t\t\t\t\t\t\t\t<\/div>\n\t\t<\/div>\n\t\t\t\t\t\t<\/div>\n\t\t\t\t<\/div>\n\t\t\t\t\t<\/div>\n\t\t\t\t<\/div>\n\t\t<div class=\"elementor-element elementor-element-f315f36 e-con-full e-flex e-con e-parent\" data-id=\"f315f36\" data-element_type=\"container\" data-e-type=\"container\" data-settings=\"{&quot;jet_parallax_layout_list&quot;:[]}\">\n\t\t\t\t<div class=\"elementor-element elementor-element-1b73f1e elementor-arrows-position-inside elementor-widget elementor-widget-image-carousel\" data-id=\"1b73f1e\" data-element_type=\"widget\" data-e-type=\"widget\" data-settings=\"{&quot;navigation&quot;:&quot;arrows&quot;,&quot;slides_to_show&quot;:&quot;4&quot;,&quot;autoplay&quot;:&quot;yes&quot;,&quot;pause_on_hover&quot;:&quot;yes&quot;,&quot;pause_on_interaction&quot;:&quot;yes&quot;,&quot;autoplay_speed&quot;:5000,&quot;infinite&quot;:&quot;yes&quot;,&quot;speed&quot;:500}\" data-widget_type=\"image-carousel.default\">\n\t\t\t\t<div class=\"elementor-widget-container\">\n\t\t\t\t\t\t\t<div class=\"elementor-image-carousel-wrapper swiper\" role=\"region\" aria-roledescription=\"carousel\" aria-label=\"Image Carousel\" dir=\"ltr\">\n\t\t\t<div class=\"elementor-image-carousel swiper-wrapper\" aria-live=\"off\">\n\t\t\t\t\t\t\t\t<div class=\"swiper-slide\" role=\"group\" aria-roledescription=\"slide\" aria-label=\"1 sur 8\"><figure class=\"swiper-slide-inner\"><img decoding=\"async\" class=\"swiper-slide-image\" src=\"https:\/\/inclusionincanadiansports.ca\/wp-content\/uploads\/2025\/05\/bld-01.jpg\" alt=\"bld-01\" \/><\/figure><\/div><div class=\"swiper-slide\" role=\"group\" aria-roledescription=\"slide\" aria-label=\"2 sur 8\"><figure class=\"swiper-slide-inner\"><img decoding=\"async\" class=\"swiper-slide-image\" src=\"https:\/\/inclusionincanadiansports.ca\/wp-content\/uploads\/2025\/05\/bld-02.jpg\" alt=\"bld-02\" \/><\/figure><\/div><div class=\"swiper-slide\" role=\"group\" aria-roledescription=\"slide\" aria-label=\"3 sur 8\"><figure class=\"swiper-slide-inner\"><img decoding=\"async\" class=\"swiper-slide-image\" src=\"https:\/\/inclusionincanadiansports.ca\/wp-content\/uploads\/2025\/05\/bld-03.jpg\" alt=\"bld-03\" \/><\/figure><\/div><div class=\"swiper-slide\" role=\"group\" aria-roledescription=\"slide\" aria-label=\"4 sur 8\"><figure class=\"swiper-slide-inner\"><img decoding=\"async\" class=\"swiper-slide-image\" src=\"https:\/\/inclusionincanadiansports.ca\/wp-content\/uploads\/2025\/05\/bld-04.jpg\" alt=\"bld-04\" \/><\/figure><\/div><div class=\"swiper-slide\" role=\"group\" aria-roledescription=\"slide\" aria-label=\"5 sur 8\"><figure class=\"swiper-slide-inner\"><img decoding=\"async\" class=\"swiper-slide-image\" src=\"https:\/\/inclusionincanadiansports.ca\/wp-content\/uploads\/2025\/05\/bld-05.jpg\" alt=\"bld-05\" \/><\/figure><\/div><div class=\"swiper-slide\" role=\"group\" aria-roledescription=\"slide\" aria-label=\"6 sur 8\"><figure class=\"swiper-slide-inner\"><img decoding=\"async\" class=\"swiper-slide-image\" src=\"https:\/\/inclusionincanadiansports.ca\/wp-content\/uploads\/2025\/05\/bld-06.jpg\" alt=\"bld-06\" \/><\/figure><\/div><div class=\"swiper-slide\" role=\"group\" aria-roledescription=\"slide\" aria-label=\"7 sur 8\"><figure class=\"swiper-slide-inner\"><img decoding=\"async\" class=\"swiper-slide-image\" src=\"https:\/\/inclusionincanadiansports.ca\/wp-content\/uploads\/2025\/05\/bld-07.jpg\" alt=\"bld-07\" \/><\/figure><\/div><div class=\"swiper-slide\" role=\"group\" aria-roledescription=\"slide\" aria-label=\"8 sur 8\"><figure class=\"swiper-slide-inner\"><img decoding=\"async\" class=\"swiper-slide-image\" src=\"https:\/\/inclusionincanadiansports.ca\/wp-content\/uploads\/2025\/05\/bld-08.jpg\" alt=\"bld-08\" \/><\/figure><\/div>\t\t\t<\/div>\n\t\t\t\t\t\t\t\t\t\t\t\t<div class=\"elementor-swiper-button elementor-swiper-button-prev\" role=\"button\" tabindex=\"0\">\n\t\t\t\t\t\t<svg aria-hidden=\"true\" class=\"e-font-icon-svg e-eicon-chevron-left\" viewBox=\"0 0 1000 1000\" xmlns=\"http:\/\/www.w3.org\/2000\/svg\"><path d=\"M646 125C629 125 613 133 604 142L308 442C296 454 292 471 292 487 292 504 296 521 308 533L604 854C617 867 629 875 646 875 663 875 679 871 692 858 704 846 713 829 713 812 713 796 708 779 692 767L438 487 692 225C700 217 708 204 708 187 708 171 704 154 692 142 675 129 663 125 646 125Z\"><\/path><\/svg>\t\t\t\t\t<\/div>\n\t\t\t\t\t<div class=\"elementor-swiper-button elementor-swiper-button-next\" role=\"button\" tabindex=\"0\">\n\t\t\t\t\t\t<svg aria-hidden=\"true\" class=\"e-font-icon-svg e-eicon-chevron-right\" viewBox=\"0 0 1000 1000\" xmlns=\"http:\/\/www.w3.org\/2000\/svg\"><path d=\"M696 533C708 521 713 504 713 487 713 471 708 454 696 446L400 146C388 133 375 125 354 125 338 125 325 129 313 142 300 154 292 171 292 187 292 204 296 221 308 233L563 492 304 771C292 783 288 800 288 817 288 833 296 850 308 863 321 871 338 875 354 875 371 875 388 867 400 854L696 533Z\"><\/path><\/svg>\t\t\t\t\t<\/div>\n\t\t\t\t\n\t\t\t\t\t\t\t\t\t<\/div>\n\t\t\t\t\t\t<\/div>\n\t\t\t\t<\/div>\n\t\t\t\t<div class=\"elementor-element elementor-element-1a71cf3 elementor-widget elementor-widget-button\" data-id=\"1a71cf3\" data-element_type=\"widget\" data-e-type=\"widget\" data-widget_type=\"button.default\">\n\t\t\t\t<div class=\"elementor-widget-container\">\n\t\t\t\t\t\t\t\t\t<div class=\"elementor-button-wrapper\">\n\t\t\t\t\t<a class=\"elementor-button elementor-button-link elementor-size-sm\" href=\"https:\/\/inclusionincanadiansportsnetwork.pixieset.com\/blackleadersinsportsday\/\" target=\"_blank\">\n\t\t\t\t\t\t<span class=\"elementor-button-content-wrapper\">\n\t\t\t\t\t\t\t\t\t<span class=\"elementor-button-text\">Voir la galerie de photos<\/span>\n\t\t\t\t\t<\/span>\n\t\t\t\t\t<\/a>\n\t\t\t\t<\/div>\n\t\t\t\t\t\t\t\t<\/div>\n\t\t\t\t<\/div>\n\t\t\t\t<\/div>\n\t\t<div class=\"elementor-element elementor-element-68112a1 e-flex e-con-boxed e-con e-parent\" data-id=\"68112a1\" data-element_type=\"container\" data-e-type=\"container\" data-settings=\"{&quot;jet_parallax_layout_list&quot;:[]}\">\n\t\t\t\t\t<div class=\"e-con-inner\">\n\t\t\t\t<div class=\"elementor-element elementor-element-683e004 elementor-widget__width-inherit elementor-widget elementor-widget-heading\" data-id=\"683e004\" data-element_type=\"widget\" data-e-type=\"widget\" data-widget_type=\"heading.default\">\n\t\t\t\t<div class=\"elementor-widget-container\">\n\t\t\t\t\t<h2 class=\"elementor-heading-title elementor-size-default\">Merci<\/h2>\t\t\t\t<\/div>\n\t\t\t\t<\/div>\n\t\t\t\t<div class=\"elementor-element elementor-element-5dc6c22 elementor-widget__width-initial elementor-widget elementor-widget-image\" data-id=\"5dc6c22\" data-element_type=\"widget\" data-e-type=\"widget\" data-widget_type=\"image.default\">\n\t\t\t\t<div class=\"elementor-widget-container\">\n\t\t\t\t\t\t\t\t\t\t\t\t\t\t\t<img decoding=\"async\" width=\"1024\" height=\"196\" src=\"https:\/\/inclusionincanadiansports.ca\/wp-content\/uploads\/2025\/05\/CRRF-1024x196.png\" class=\"attachment-large size-large wp-image-8061\" alt=\"\" srcset=\"https:\/\/inclusionincanadiansports.ca\/wp-content\/uploads\/2025\/05\/CRRF-1024x196.png 1024w, https:\/\/inclusionincanadiansports.ca\/wp-content\/uploads\/2025\/05\/CRRF-300x57.png 300w, https:\/\/inclusionincanadiansports.ca\/wp-content\/uploads\/2025\/05\/CRRF-768x147.png 768w, https:\/\/inclusionincanadiansports.ca\/wp-content\/uploads\/2025\/05\/CRRF-1536x294.png 1536w, https:\/\/inclusionincanadiansports.ca\/wp-content\/uploads\/2025\/05\/CRRF.png 1600w\" sizes=\"(max-width: 1024px) 100vw, 1024px\" \/>\t\t\t\t\t\t\t\t\t\t\t\t\t\t\t<\/div>\n\t\t\t\t<\/div>\n\t\t\t\t<div class=\"elementor-element elementor-element-4ab4666 elementor-widget__width-initial elementor-widget elementor-widget-image\" data-id=\"4ab4666\" data-element_type=\"widget\" data-e-type=\"widget\" data-widget_type=\"image.default\">\n\t\t\t\t<div class=\"elementor-widget-container\">\n\t\t\t\t\t\t\t\t\t\t\t\t\t\t\t<img decoding=\"async\" width=\"1024\" height=\"312\" src=\"https:\/\/inclusionincanadiansports.ca\/wp-content\/uploads\/2025\/05\/CAWS-1024x312.png\" class=\"attachment-large size-large wp-image-8058\" alt=\"\" srcset=\"https:\/\/inclusionincanadiansports.ca\/wp-content\/uploads\/2025\/05\/CAWS-1024x312.png 1024w, https:\/\/inclusionincanadiansports.ca\/wp-content\/uploads\/2025\/05\/CAWS-300x91.png 300w, https:\/\/inclusionincanadiansports.ca\/wp-content\/uploads\/2025\/05\/CAWS-768x234.png 768w, https:\/\/inclusionincanadiansports.ca\/wp-content\/uploads\/2025\/05\/CAWS-1536x468.png 1536w, https:\/\/inclusionincanadiansports.ca\/wp-content\/uploads\/2025\/05\/CAWS-2048x624.png 2048w\" sizes=\"(max-width: 1024px) 100vw, 1024px\" \/>\t\t\t\t\t\t\t\t\t\t\t\t\t\t\t<\/div>\n\t\t\t\t<\/div>\n\t\t\t\t\t<\/div>\n\t\t\t\t<\/div>\n\t\t<div class=\"elementor-element elementor-element-e84f4d3 e-flex e-con-boxed e-con e-parent\" data-id=\"e84f4d3\" data-element_type=\"container\" data-e-type=\"container\" data-settings=\"{&quot;background_background&quot;:&quot;classic&quot;,&quot;jet_parallax_layout_list&quot;:[]}\">\n\t\t\t\t\t<div class=\"e-con-inner\">\n\t\t\t\t<div class=\"elementor-element elementor-element-2979c75 elementor-widget elementor-widget-text-editor\" data-id=\"2979c75\" data-element_type=\"widget\" data-e-type=\"widget\" data-widget_type=\"text-editor.default\">\n\t\t\t\t<div class=\"elementor-widget-container\">\n\t\t\t\t\t\t\t\t\t<p>Pour plus d&rsquo;informations, veuillez contacter : <a href=\"mailto:president@inclusionincanadiansports.ca\">president@inclusionincanadiansports.ca<\/a><\/p>\t\t\t\t\t\t\t\t<\/div>\n\t\t\t\t<\/div>\n\t\t\t\t\t<\/div>\n\t\t\t\t<\/div>\n\t\t\t\t<\/div>\n\t\t","protected":false},"excerpt":{"rendered":"<p>Journ\u00e9e des leaders noirs dans le sport Le 2 avril 2025, IRSC a fi\u00e8rement organis\u00e9 la premi\u00e8re Journ\u00e9e des leaders noirs dans le sport \u00e0 Ottawa, marquant ainsi une premi\u00e8re historique dans le sport canadien. Pour la premi\u00e8re fois, des professionnels noirs de l\u2019ensemble du syst\u00e8me sportif amateur, notamment des administrateurs, des entraineurs, des officiels, [&hellip;]<\/p>\n","protected":false},"author":1,"featured_media":0,"parent":0,"menu_order":0,"comment_status":"closed","ping_status":"closed","template":"elementor_header_footer","meta":{"_acf_changed":false,"footnotes":""},"class_list":["post-8077","page","type-page","status-publish","hentry"],"acf":[],"_links":{"self":[{"href":"https:\/\/inclusionincanadiansports.ca\/fr\/wp-json\/wp\/v2\/pages\/8077","targetHints":{"allow":["GET"]}}],"collection":[{"href":"https:\/\/inclusionincanadiansports.ca\/fr\/wp-json\/wp\/v2\/pages"}],"about":[{"href":"https:\/\/inclusionincanadiansports.ca\/fr\/wp-json\/wp\/v2\/types\/page"}],"author":[{"embeddable":true,"href":"https:\/\/inclusionincanadiansports.ca\/fr\/wp-json\/wp\/v2\/users\/1"}],"replies":[{"embeddable":true,"href":"https:\/\/inclusionincanadiansports.ca\/fr\/wp-json\/wp\/v2\/comments?post=8077"}],"version-history":[{"count":20,"href":"https:\/\/inclusionincanadiansports.ca\/fr\/wp-json\/wp\/v2\/pages\/8077\/revisions"}],"predecessor-version":[{"id":11370,"href":"https:\/\/inclusionincanadiansports.ca\/fr\/wp-json\/wp\/v2\/pages\/8077\/revisions\/11370"}],"wp:attachment":[{"href":"https:\/\/inclusionincanadiansports.ca\/fr\/wp-json\/wp\/v2\/media?parent=8077"}],"curies":[{"name":"wp","href":"https:\/\/api.w.org\/{rel}","templated":true}]}}