{"id":10753,"date":"2026-03-05T11:57:44","date_gmt":"2026-03-05T16:57:44","guid":{"rendered":"https:\/\/inclusionincanadiansports.ca\/journee-des-leaders-noirs-dans-le-sport-2026\/"},"modified":"2026-03-10T10:10:45","modified_gmt":"2026-03-10T14:10:45","slug":"journee-des-leaders-noirs-dans-le-sport-2026","status":"publish","type":"page","link":"https:\/\/inclusionincanadiansports.ca\/fr\/journee-des-leaders-noirs-dans-le-sport-2026\/","title":{"rendered":"Journ\u00e9e des leaders noirs dans le sport 2026"},"content":{"rendered":"\t\t<div data-elementor-type=\"wp-page\" data-elementor-id=\"10753\" class=\"elementor elementor-10753 elementor-10606\" data-elementor-post-type=\"page\">\n\t\t\t\t<div class=\"elementor-element elementor-element-44323ee e-con-full e-flex e-con e-parent\" data-id=\"44323ee\" data-element_type=\"container\" data-e-type=\"container\" data-settings=\"{&quot;jet_parallax_layout_list&quot;:[]}\">\n\t\t\t\t<div class=\"elementor-element elementor-element-774662e elementor-arrows-position-inside elementor-widget elementor-widget-image-carousel\" data-id=\"774662e\" data-element_type=\"widget\" data-e-type=\"widget\" data-settings=\"{&quot;navigation&quot;:&quot;arrows&quot;,&quot;slides_to_show&quot;:&quot;3&quot;,&quot;autoplay&quot;:&quot;yes&quot;,&quot;pause_on_hover&quot;:&quot;yes&quot;,&quot;pause_on_interaction&quot;:&quot;yes&quot;,&quot;autoplay_speed&quot;:5000,&quot;infinite&quot;:&quot;yes&quot;,&quot;speed&quot;:500}\" data-widget_type=\"image-carousel.default\">\n\t\t\t\t<div class=\"elementor-widget-container\">\n\t\t\t\t\t\t\t<div class=\"elementor-image-carousel-wrapper swiper\" role=\"region\" aria-roledescription=\"carousel\" aria-label=\"Image Carousel\" dir=\"ltr\">\n\t\t\t<div class=\"elementor-image-carousel swiper-wrapper\" aria-live=\"off\">\n\t\t\t\t\t\t\t\t<div class=\"swiper-slide\" role=\"group\" aria-roledescription=\"slide\" aria-label=\"1 sur 11\"><figure class=\"swiper-slide-inner\"><img decoding=\"async\" class=\"swiper-slide-image\" src=\"https:\/\/inclusionincanadiansports.ca\/wp-content\/uploads\/2026\/03\/Black-Leaders-2026-main-carousel-1.jpg\" alt=\"Black-Leaders-2026-main-carousel-1\" \/><\/figure><\/div><div class=\"swiper-slide\" role=\"group\" aria-roledescription=\"slide\" aria-label=\"2 sur 11\"><figure class=\"swiper-slide-inner\"><img decoding=\"async\" class=\"swiper-slide-image\" src=\"https:\/\/inclusionincanadiansports.ca\/wp-content\/uploads\/2026\/03\/Black-Leaders-2026-main-carousel-2.jpg\" alt=\"Black-Leaders-2026-main-carousel-2\" \/><\/figure><\/div><div class=\"swiper-slide\" role=\"group\" aria-roledescription=\"slide\" aria-label=\"3 sur 11\"><figure class=\"swiper-slide-inner\"><img decoding=\"async\" class=\"swiper-slide-image\" src=\"https:\/\/inclusionincanadiansports.ca\/wp-content\/uploads\/2026\/03\/Black-Leaders-2026-main-carousel-3.jpg\" alt=\"Black-Leaders-2026-main-carousel-3\" \/><\/figure><\/div><div class=\"swiper-slide\" role=\"group\" aria-roledescription=\"slide\" aria-label=\"4 sur 11\"><figure class=\"swiper-slide-inner\"><img decoding=\"async\" class=\"swiper-slide-image\" src=\"https:\/\/inclusionincanadiansports.ca\/wp-content\/uploads\/2026\/03\/Black-Leaders-2026-main-carousel-4.jpg\" alt=\"Black-Leaders-2026-main-carousel-4\" \/><\/figure><\/div><div class=\"swiper-slide\" role=\"group\" aria-roledescription=\"slide\" aria-label=\"5 sur 11\"><figure class=\"swiper-slide-inner\"><img decoding=\"async\" class=\"swiper-slide-image\" src=\"https:\/\/inclusionincanadiansports.ca\/wp-content\/uploads\/2026\/03\/Black-Leaders-2026-main-carousel-5.jpg\" alt=\"Black-Leaders-2026-main-carousel-5\" \/><\/figure><\/div><div class=\"swiper-slide\" role=\"group\" aria-roledescription=\"slide\" aria-label=\"6 sur 11\"><figure class=\"swiper-slide-inner\"><img decoding=\"async\" class=\"swiper-slide-image\" src=\"https:\/\/inclusionincanadiansports.ca\/wp-content\/uploads\/2026\/03\/Black-Leaders-2026-main-carousel-6.jpg\" alt=\"Black-Leaders-2026-main-carousel-6\" \/><\/figure><\/div><div class=\"swiper-slide\" role=\"group\" aria-roledescription=\"slide\" aria-label=\"7 sur 11\"><figure class=\"swiper-slide-inner\"><img decoding=\"async\" class=\"swiper-slide-image\" src=\"https:\/\/inclusionincanadiansports.ca\/wp-content\/uploads\/2026\/03\/Black-Leaders-2026-main-carousel-7.jpg\" alt=\"Black-Leaders-2026-main-carousel-7\" \/><\/figure><\/div><div class=\"swiper-slide\" role=\"group\" aria-roledescription=\"slide\" aria-label=\"8 sur 11\"><figure class=\"swiper-slide-inner\"><img decoding=\"async\" class=\"swiper-slide-image\" src=\"https:\/\/inclusionincanadiansports.ca\/wp-content\/uploads\/2026\/03\/Black-Leaders-2026-main-carousel-8.jpg\" alt=\"Black-Leaders-2026-main-carousel-8\" \/><\/figure><\/div><div class=\"swiper-slide\" role=\"group\" aria-roledescription=\"slide\" aria-label=\"9 sur 11\"><figure class=\"swiper-slide-inner\"><img decoding=\"async\" class=\"swiper-slide-image\" src=\"https:\/\/inclusionincanadiansports.ca\/wp-content\/uploads\/2026\/03\/Black-Leaders-2026-main-carousel-9.jpg\" alt=\"Black-Leaders-2026-main-carousel-9\" \/><\/figure><\/div><div class=\"swiper-slide\" role=\"group\" aria-roledescription=\"slide\" aria-label=\"10 sur 11\"><figure class=\"swiper-slide-inner\"><img decoding=\"async\" class=\"swiper-slide-image\" src=\"https:\/\/inclusionincanadiansports.ca\/wp-content\/uploads\/2026\/03\/Black-Leaders-2026-main-carousel-10.jpg\" alt=\"Black-Leaders-2026-main-carousel-10\" \/><\/figure><\/div><div class=\"swiper-slide\" role=\"group\" aria-roledescription=\"slide\" aria-label=\"11 sur 11\"><figure class=\"swiper-slide-inner\"><img decoding=\"async\" class=\"swiper-slide-image\" src=\"https:\/\/inclusionincanadiansports.ca\/wp-content\/uploads\/2026\/03\/Black-Leaders-2026-day-2-image-1.jpg\" alt=\"Black-Leaders-2026-day-2-image-1\" \/><\/figure><\/div>\t\t\t<\/div>\n\t\t\t\t\t\t\t\t\t\t\t\t<div class=\"elementor-swiper-button elementor-swiper-button-prev\" role=\"button\" tabindex=\"0\">\n\t\t\t\t\t\t<svg aria-hidden=\"true\" class=\"e-font-icon-svg e-eicon-chevron-left\" viewBox=\"0 0 1000 1000\" xmlns=\"http:\/\/www.w3.org\/2000\/svg\"><path d=\"M646 125C629 125 613 133 604 142L308 442C296 454 292 471 292 487 292 504 296 521 308 533L604 854C617 867 629 875 646 875 663 875 679 871 692 858 704 846 713 829 713 812 713 796 708 779 692 767L438 487 692 225C700 217 708 204 708 187 708 171 704 154 692 142 675 129 663 125 646 125Z\"><\/path><\/svg>\t\t\t\t\t<\/div>\n\t\t\t\t\t<div class=\"elementor-swiper-button elementor-swiper-button-next\" role=\"button\" tabindex=\"0\">\n\t\t\t\t\t\t<svg aria-hidden=\"true\" class=\"e-font-icon-svg e-eicon-chevron-right\" viewBox=\"0 0 1000 1000\" xmlns=\"http:\/\/www.w3.org\/2000\/svg\"><path d=\"M696 533C708 521 713 504 713 487 713 471 708 454 696 446L400 146C388 133 375 125 354 125 338 125 325 129 313 142 300 154 292 171 292 187 292 204 296 221 308 233L563 492 304 771C292 783 288 800 288 817 288 833 296 850 308 863 321 871 338 875 354 875 371 875 388 867 400 854L696 533Z\"><\/path><\/svg>\t\t\t\t\t<\/div>\n\t\t\t\t\n\t\t\t\t\t\t\t\t\t<\/div>\n\t\t\t\t\t\t<\/div>\n\t\t\t\t<\/div>\n\t\t\t\t<\/div>\n\t\t<div class=\"elementor-element elementor-element-031d683 e-flex e-con-boxed e-con e-parent\" data-id=\"031d683\" data-element_type=\"container\" data-e-type=\"container\" data-settings=\"{&quot;jet_parallax_layout_list&quot;:[]}\">\n\t\t\t\t\t<div class=\"e-con-inner\">\n\t\t\t\t<div class=\"elementor-element elementor-element-8599fb6 elementor-widget__width-inherit elementor-align-center elementor-widget elementor-widget-raven-heading\" data-id=\"8599fb6\" data-element_type=\"widget\" data-e-type=\"widget\" data-widget_type=\"raven-heading.default\">\n\t\t\t\t<div class=\"elementor-widget-container\">\n\t\t\t\t\t\t\t<div class=\"raven-widget-wrapper\"><h2 class=\"raven-heading raven-heading-h2\"><span class=\"raven-heading-title \">Journ\u00e9e des leaders noirs dans le sport 2026<\/span><\/h2><\/div>\n\t\t\t\t\t\t<\/div>\n\t\t\t\t<\/div>\n\t\t\t\t<div class=\"elementor-element elementor-element-0277264 elementor-widget__width-initial elementor-align-left elementor-widget elementor-widget-raven-heading\" data-id=\"0277264\" data-element_type=\"widget\" data-e-type=\"widget\" data-widget_type=\"raven-heading.default\">\n\t\t\t\t<div class=\"elementor-widget-container\">\n\t\t\t\t\t\t\t<div class=\"raven-widget-wrapper\"><h2 class=\"raven-heading raven-heading-h2\"><span class=\"raven-heading-title \">R\u00e9sum\u00e9 de l'\u00e9v\u00e8nement<\/span><\/h2><\/div>\n\t\t\t\t\t\t<\/div>\n\t\t\t\t<\/div>\n\t\t\t\t<div class=\"elementor-element elementor-element-476aca8 elementor-widget-mobile__width-inherit elementor-widget__width-initial elementor-widget elementor-widget-text-editor\" data-id=\"476aca8\" data-element_type=\"widget\" data-e-type=\"widget\" data-widget_type=\"text-editor.default\">\n\t\t\t\t<div class=\"elementor-widget-container\">\n\t\t\t\t\t\t\t\t\t<p>La Journ\u00e9e des leaders noirs dans le sport (JLNS) est un rassemblement national annuel organis\u00e9 par Inclusion dans le r\u00e9seau du sport canadien (IRSC) qui r\u00e9unit les leaders noirs \u00e9mergents et \u00e9tablis de l&rsquo;ensemble du syst\u00e8me de sport amateur du Canada.<\/p><p>Lanc\u00e9e en 2025, la JLNS a \u00e9t\u00e9 cr\u00e9\u00e9e pour s&rsquo;atteler aux in\u00e9galit\u00e9s syst\u00e9miques dans le sport, fortifier les parcours de leadership, amplifier les exp\u00e9riences v\u00e9cues et construire des r\u00e9seaux viables de soutien et de responsabilit\u00e9 dans l&rsquo;ensemble du secteur.<\/p><p>En 2026, la JLNS a pris de l&rsquo;ampleur et s&rsquo;est transform\u00e9e en une convention nationale de deux jours qui s&rsquo;est tenue \u00e0 Ottawa :<\/p>\t\t\t\t\t\t\t\t<\/div>\n\t\t\t\t<\/div>\n\t\t\t\t\t<\/div>\n\t\t\t\t<\/div>\n\t\t<div class=\"elementor-element elementor-element-9145f01 e-flex e-con-boxed e-con e-parent\" data-id=\"9145f01\" data-element_type=\"container\" data-e-type=\"container\" data-settings=\"{&quot;jet_parallax_layout_list&quot;:[],&quot;background_background&quot;:&quot;classic&quot;}\">\n\t\t\t\t\t<div class=\"e-con-inner\">\n\t\t<div class=\"elementor-element elementor-element-31917d1 e-con-full e-flex e-con e-child\" data-id=\"31917d1\" data-element_type=\"container\" data-e-type=\"container\" data-settings=\"{&quot;jet_parallax_layout_list&quot;:[]}\">\n\t\t\t\t<div class=\"elementor-element elementor-element-73ed22b elementor-align-left elementor-widget elementor-widget-raven-heading\" data-id=\"73ed22b\" data-element_type=\"widget\" data-e-type=\"widget\" data-widget_type=\"raven-heading.default\">\n\t\t\t\t<div class=\"elementor-widget-container\">\n\t\t\t\t\t\t\t<div class=\"raven-widget-wrapper\"><h2 class=\"raven-heading raven-heading-h2\"><span class=\"raven-heading-title \">Jour 1<\/span><\/h2><\/div>\n\t\t\t\t\t\t<\/div>\n\t\t\t\t<\/div>\n\t\t\t\t<div class=\"elementor-element elementor-element-cecb07a elementor-align-left elementor-widget elementor-widget-raven-heading\" data-id=\"cecb07a\" data-element_type=\"widget\" data-e-type=\"widget\" data-widget_type=\"raven-heading.default\">\n\t\t\t\t<div class=\"elementor-widget-container\">\n\t\t\t\t\t\t\t<div class=\"raven-widget-wrapper\"><h2 class=\"raven-heading raven-heading-h2\"><span class=\"raven-heading-title \">Visite au S\u00e9nat (Colline du Parlement)<\/span><\/h2><\/div>\n\t\t\t\t\t\t<\/div>\n\t\t\t\t<\/div>\n\t\t\t\t<div class=\"elementor-element elementor-element-d72d3c8 elementor-widget elementor-widget-spacer\" data-id=\"d72d3c8\" data-element_type=\"widget\" data-e-type=\"widget\" data-widget_type=\"spacer.default\">\n\t\t\t\t<div class=\"elementor-widget-container\">\n\t\t\t\t\t\t\t<div class=\"elementor-spacer\">\n\t\t\t<div class=\"elementor-spacer-inner\"><\/div>\n\t\t<\/div>\n\t\t\t\t\t\t<\/div>\n\t\t\t\t<\/div>\n\t\t\t\t<div class=\"elementor-element elementor-element-a5e9150 elementor-widget elementor-widget-spacer\" data-id=\"a5e9150\" data-element_type=\"widget\" data-e-type=\"widget\" data-widget_type=\"spacer.default\">\n\t\t\t\t<div class=\"elementor-widget-container\">\n\t\t\t\t\t\t\t<div class=\"elementor-spacer\">\n\t\t\t<div class=\"elementor-spacer-inner\"><\/div>\n\t\t<\/div>\n\t\t\t\t\t\t<\/div>\n\t\t\t\t<\/div>\n\t\t\t\t<div class=\"elementor-element elementor-element-cde0b67 elementor-widget-mobile__width-inherit elementor-widget elementor-widget-text-editor\" data-id=\"cde0b67\" data-element_type=\"widget\" data-e-type=\"widget\" data-widget_type=\"text-editor.default\">\n\t\t\t\t<div class=\"elementor-widget-container\">\n\t\t\t\t\t\t\t\t\t<p>Des leaders noirs du sport de partout au Canada ont rencontr\u00e9 des s\u00e9nateurs pour entamer un dialogue franc et ax\u00e9 sur les solutions au sujet de l&rsquo;\u00e9tat de l&rsquo;inclusion dans le sport canadien. Ce moment, attendu depuis des ann\u00e9es, a permis de d\u00e9passer le stade de la prise de conscience et de passer \u00e0 des actions syst\u00e9miques et mesurables. Les discussions ont port\u00e9 sur le racisme dans le sport, la repr\u00e9sentation des leaders, les environnements s\u00e9curitaires et le besoin urgent de responsabilisation des institutions.  <\/p>\t\t\t\t\t\t\t\t<\/div>\n\t\t\t\t<\/div>\n\t\t\t\t<\/div>\n\t\t<div class=\"elementor-element elementor-element-f4e01bb e-con-full e-flex e-con e-child\" data-id=\"f4e01bb\" data-element_type=\"container\" data-e-type=\"container\" data-settings=\"{&quot;jet_parallax_layout_list&quot;:[]}\">\n\t\t\t\t<div class=\"elementor-element elementor-element-6254d5f elementor-widget__width-initial elementor-widget elementor-widget-image\" data-id=\"6254d5f\" data-element_type=\"widget\" data-e-type=\"widget\" data-widget_type=\"image.default\">\n\t\t\t\t<div class=\"elementor-widget-container\">\n\t\t\t\t\t\t\t\t\t\t\t\t\t\t\t<img fetchpriority=\"high\" decoding=\"async\" width=\"1200\" height=\"960\" src=\"https:\/\/inclusionincanadiansports.ca\/wp-content\/uploads\/2026\/03\/Black-Leaders-2026-day-1-image-1.jpg\" class=\"attachment-full size-full wp-image-10740\" alt=\"\" srcset=\"https:\/\/inclusionincanadiansports.ca\/wp-content\/uploads\/2026\/03\/Black-Leaders-2026-day-1-image-1.jpg 1200w, https:\/\/inclusionincanadiansports.ca\/wp-content\/uploads\/2026\/03\/Black-Leaders-2026-day-1-image-1-300x240.jpg 300w, https:\/\/inclusionincanadiansports.ca\/wp-content\/uploads\/2026\/03\/Black-Leaders-2026-day-1-image-1-1024x819.jpg 1024w, https:\/\/inclusionincanadiansports.ca\/wp-content\/uploads\/2026\/03\/Black-Leaders-2026-day-1-image-1-768x614.jpg 768w\" sizes=\"(max-width: 1200px) 100vw, 1200px\" \/>\t\t\t\t\t\t\t\t\t\t\t\t\t\t\t<\/div>\n\t\t\t\t<\/div>\n\t\t\t\t<div class=\"elementor-element elementor-element-fe538b8 elementor-widget__width-initial elementor-widget elementor-widget-image\" data-id=\"fe538b8\" data-element_type=\"widget\" data-e-type=\"widget\" data-widget_type=\"image.default\">\n\t\t\t\t<div class=\"elementor-widget-container\">\n\t\t\t\t\t\t\t\t\t\t\t\t\t\t\t<img decoding=\"async\" width=\"1200\" height=\"960\" src=\"https:\/\/inclusionincanadiansports.ca\/wp-content\/uploads\/2026\/03\/Black-Leaders-2026-day-1-image-2.jpg\" class=\"attachment-full size-full wp-image-10741\" alt=\"\" srcset=\"https:\/\/inclusionincanadiansports.ca\/wp-content\/uploads\/2026\/03\/Black-Leaders-2026-day-1-image-2.jpg 1200w, https:\/\/inclusionincanadiansports.ca\/wp-content\/uploads\/2026\/03\/Black-Leaders-2026-day-1-image-2-300x240.jpg 300w, https:\/\/inclusionincanadiansports.ca\/wp-content\/uploads\/2026\/03\/Black-Leaders-2026-day-1-image-2-1024x819.jpg 1024w, https:\/\/inclusionincanadiansports.ca\/wp-content\/uploads\/2026\/03\/Black-Leaders-2026-day-1-image-2-768x614.jpg 768w\" sizes=\"(max-width: 1200px) 100vw, 1200px\" \/>\t\t\t\t\t\t\t\t\t\t\t\t\t\t\t<\/div>\n\t\t\t\t<\/div>\n\t\t\t\t<div class=\"elementor-element elementor-element-06e8918 elementor-widget__width-initial elementor-widget elementor-widget-image\" data-id=\"06e8918\" data-element_type=\"widget\" data-e-type=\"widget\" data-widget_type=\"image.default\">\n\t\t\t\t<div class=\"elementor-widget-container\">\n\t\t\t\t\t\t\t\t\t\t\t\t\t\t\t<img decoding=\"async\" width=\"1200\" height=\"960\" src=\"https:\/\/inclusionincanadiansports.ca\/wp-content\/uploads\/2026\/03\/Black-Leaders-2026-day-1-image-3.jpg\" class=\"attachment-full size-full wp-image-10742\" alt=\"\" srcset=\"https:\/\/inclusionincanadiansports.ca\/wp-content\/uploads\/2026\/03\/Black-Leaders-2026-day-1-image-3.jpg 1200w, https:\/\/inclusionincanadiansports.ca\/wp-content\/uploads\/2026\/03\/Black-Leaders-2026-day-1-image-3-300x240.jpg 300w, https:\/\/inclusionincanadiansports.ca\/wp-content\/uploads\/2026\/03\/Black-Leaders-2026-day-1-image-3-1024x819.jpg 1024w, https:\/\/inclusionincanadiansports.ca\/wp-content\/uploads\/2026\/03\/Black-Leaders-2026-day-1-image-3-768x614.jpg 768w\" sizes=\"(max-width: 1200px) 100vw, 1200px\" \/>\t\t\t\t\t\t\t\t\t\t\t\t\t\t\t<\/div>\n\t\t\t\t<\/div>\n\t\t\t\t<div class=\"elementor-element elementor-element-5310293 elementor-widget__width-initial elementor-widget elementor-widget-image\" data-id=\"5310293\" data-element_type=\"widget\" data-e-type=\"widget\" data-widget_type=\"image.default\">\n\t\t\t\t<div class=\"elementor-widget-container\">\n\t\t\t\t\t\t\t\t\t\t\t\t\t\t\t<img loading=\"lazy\" decoding=\"async\" width=\"1200\" height=\"960\" src=\"https:\/\/inclusionincanadiansports.ca\/wp-content\/uploads\/2026\/03\/Black-Leaders-2026-day-1-image-4b.jpg\" class=\"attachment-full size-full wp-image-10743\" alt=\"\" srcset=\"https:\/\/inclusionincanadiansports.ca\/wp-content\/uploads\/2026\/03\/Black-Leaders-2026-day-1-image-4b.jpg 1200w, https:\/\/inclusionincanadiansports.ca\/wp-content\/uploads\/2026\/03\/Black-Leaders-2026-day-1-image-4b-300x240.jpg 300w, https:\/\/inclusionincanadiansports.ca\/wp-content\/uploads\/2026\/03\/Black-Leaders-2026-day-1-image-4b-1024x819.jpg 1024w, https:\/\/inclusionincanadiansports.ca\/wp-content\/uploads\/2026\/03\/Black-Leaders-2026-day-1-image-4b-768x614.jpg 768w\" sizes=\"(max-width: 1200px) 100vw, 1200px\" \/>\t\t\t\t\t\t\t\t\t\t\t\t\t\t\t<\/div>\n\t\t\t\t<\/div>\n\t\t\t\t<\/div>\n\t\t\t\t\t<\/div>\n\t\t\t\t<\/div>\n\t\t<div class=\"elementor-element elementor-element-3ab183f e-flex e-con-boxed e-con e-parent\" data-id=\"3ab183f\" data-element_type=\"container\" data-e-type=\"container\" data-settings=\"{&quot;jet_parallax_layout_list&quot;:[]}\">\n\t\t\t\t\t<div class=\"e-con-inner\">\n\t\t<div class=\"elementor-element elementor-element-b09396d e-con-full e-flex e-con e-child\" data-id=\"b09396d\" data-element_type=\"container\" data-e-type=\"container\" data-settings=\"{&quot;jet_parallax_layout_list&quot;:[]}\">\n\t\t\t\t<div class=\"elementor-element elementor-element-697fa9d elementor-align-left elementor-widget elementor-widget-raven-heading\" data-id=\"697fa9d\" data-element_type=\"widget\" data-e-type=\"widget\" data-widget_type=\"raven-heading.default\">\n\t\t\t\t<div class=\"elementor-widget-container\">\n\t\t\t\t\t\t\t<div class=\"raven-widget-wrapper\"><h2 class=\"raven-heading raven-heading-h2\"><span class=\"raven-heading-title \">Jour 2<\/span><\/h2><\/div>\n\t\t\t\t\t\t<\/div>\n\t\t\t\t<\/div>\n\t\t\t\t<div class=\"elementor-element elementor-element-dccc373 elementor-align-left elementor-widget elementor-widget-raven-heading\" data-id=\"dccc373\" data-element_type=\"widget\" data-e-type=\"widget\" data-widget_type=\"raven-heading.default\">\n\t\t\t\t<div class=\"elementor-widget-container\">\n\t\t\t\t\t\t\t<div class=\"raven-widget-wrapper\"><h2 class=\"raven-heading raven-heading-h2\"><span class=\"raven-heading-title \">Engagement gouvernemental et dialogue national (\u00c9difice Sir John A. Macdonald)<\/span><\/h2><\/div>\n\t\t\t\t\t\t<\/div>\n\t\t\t\t<\/div>\n\t\t\t\t<div class=\"elementor-element elementor-element-083bbe2 elementor-widget elementor-widget-spacer\" data-id=\"083bbe2\" data-element_type=\"widget\" data-e-type=\"widget\" data-widget_type=\"spacer.default\">\n\t\t\t\t<div class=\"elementor-widget-container\">\n\t\t\t\t\t\t\t<div class=\"elementor-spacer\">\n\t\t\t<div class=\"elementor-spacer-inner\"><\/div>\n\t\t<\/div>\n\t\t\t\t\t\t<\/div>\n\t\t\t\t<\/div>\n\t\t\t\t<div class=\"elementor-element elementor-element-7682bc8 elementor-widget elementor-widget-spacer\" data-id=\"7682bc8\" data-element_type=\"widget\" data-e-type=\"widget\" data-widget_type=\"spacer.default\">\n\t\t\t\t<div class=\"elementor-widget-container\">\n\t\t\t\t\t\t\t<div class=\"elementor-spacer\">\n\t\t\t<div class=\"elementor-spacer-inner\"><\/div>\n\t\t<\/div>\n\t\t\t\t\t\t<\/div>\n\t\t\t\t<\/div>\n\t\t\t\t<div class=\"elementor-element elementor-element-513aa03 elementor-widget-mobile__width-inherit elementor-widget elementor-widget-text-editor\" data-id=\"513aa03\" data-element_type=\"widget\" data-e-type=\"widget\" data-widget_type=\"text-editor.default\">\n\t\t\t\t<div class=\"elementor-widget-container\">\n\t\t\t\t\t\t\t\t\t<p>Soixante-quinze leaders noirs du milieu du sport amateur canadien se sont r\u00e9unis dans la salle 100 de l&rsquo;\u00e9difice Sir John A. Macdonald pour une journ\u00e9e compl\u00e8te de pr\u00e9sentations, de discussions politiques et de dialogue avec la communaut\u00e9<\/p><p>La journ\u00e9e s&rsquo;est d\u00e9roul\u00e9e comme suit :<\/p><ul><li>Le discours d&rsquo;ouverture de la leader parlementaire adjointe Arielle Kayabaga et du secr\u00e9taire d&rsquo;\u00c9tat (Sports) Adam van Koeverden.<\/li><li>Une pr\u00e9sentation de Patrimoine canadien sur la strat\u00e9gie de lutte contre le racisme du Canada 2024-2028<\/li><li>Un aper\u00e7u de l&rsquo;Initiative Appuyer les communaut\u00e9s noires du Canada (IACNC)<\/li><li>Une discussion de Sport Canada sur la politique sportive du Canada 2025-2035.<\/li><li>Une discussion informelle avec des membres du caucus parlementaire noir f\u00e9d\u00e9ral<\/li><li>Une r\u00e9ception nationale r\u00e9unissant des d\u00e9put\u00e9s, des s\u00e9nateurs et des leaders du monde du sport.<\/li><\/ul><p>Malgr\u00e9 les difficult\u00e9s de d\u00e9placement en hiver qui ont limit\u00e9 la repr\u00e9sentation de chaque province et territoire, l&rsquo;intention \u00e9tait claire : harmoniser le leadership, les politiques et l&rsquo;exp\u00e9rience v\u00e9cue en vue d&rsquo;une action collective et durable.<\/p><p>La conf\u00e9rence JLNS 2026 a r\u00e9affirm\u00e9 une v\u00e9rit\u00e9 puissante : la salle \u00e9tait remplie non seulement d\u2019expertise et de talent, mais aussi d\u2019une force collective profonde, de joie et de responsabilit\u00e9 partag\u00e9e. Le travail se poursuit.<\/p>\t\t\t\t\t\t\t\t<\/div>\n\t\t\t\t<\/div>\n\t\t\t\t<\/div>\n\t\t<div class=\"elementor-element elementor-element-76b66bb e-con-full e-flex e-con e-child\" data-id=\"76b66bb\" data-element_type=\"container\" data-e-type=\"container\" data-settings=\"{&quot;jet_parallax_layout_list&quot;:[]}\">\n\t\t\t\t<div class=\"elementor-element elementor-element-8ee09dc elementor-widget__width-initial elementor-widget elementor-widget-image\" data-id=\"8ee09dc\" data-element_type=\"widget\" data-e-type=\"widget\" data-widget_type=\"image.default\">\n\t\t\t\t<div class=\"elementor-widget-container\">\n\t\t\t\t\t\t\t\t\t\t\t\t\t\t\t<img loading=\"lazy\" decoding=\"async\" width=\"1200\" height=\"960\" src=\"https:\/\/inclusionincanadiansports.ca\/wp-content\/uploads\/2026\/03\/Black-Leaders-2026-day-2-image-1.jpg\" class=\"attachment-full size-full wp-image-10744\" alt=\"\" srcset=\"https:\/\/inclusionincanadiansports.ca\/wp-content\/uploads\/2026\/03\/Black-Leaders-2026-day-2-image-1.jpg 1200w, https:\/\/inclusionincanadiansports.ca\/wp-content\/uploads\/2026\/03\/Black-Leaders-2026-day-2-image-1-300x240.jpg 300w, https:\/\/inclusionincanadiansports.ca\/wp-content\/uploads\/2026\/03\/Black-Leaders-2026-day-2-image-1-1024x819.jpg 1024w, https:\/\/inclusionincanadiansports.ca\/wp-content\/uploads\/2026\/03\/Black-Leaders-2026-day-2-image-1-768x614.jpg 768w\" sizes=\"(max-width: 1200px) 100vw, 1200px\" \/>\t\t\t\t\t\t\t\t\t\t\t\t\t\t\t<\/div>\n\t\t\t\t<\/div>\n\t\t\t\t<div class=\"elementor-element elementor-element-cc52e05 elementor-widget__width-initial elementor-widget elementor-widget-image\" data-id=\"cc52e05\" data-element_type=\"widget\" data-e-type=\"widget\" data-widget_type=\"image.default\">\n\t\t\t\t<div class=\"elementor-widget-container\">\n\t\t\t\t\t\t\t\t\t\t\t\t\t\t\t<img loading=\"lazy\" decoding=\"async\" width=\"1200\" height=\"960\" src=\"https:\/\/inclusionincanadiansports.ca\/wp-content\/uploads\/2026\/03\/Black-Leaders-2026-day-2-image-2.jpg\" class=\"attachment-full size-full wp-image-10745\" alt=\"\" srcset=\"https:\/\/inclusionincanadiansports.ca\/wp-content\/uploads\/2026\/03\/Black-Leaders-2026-day-2-image-2.jpg 1200w, https:\/\/inclusionincanadiansports.ca\/wp-content\/uploads\/2026\/03\/Black-Leaders-2026-day-2-image-2-300x240.jpg 300w, https:\/\/inclusionincanadiansports.ca\/wp-content\/uploads\/2026\/03\/Black-Leaders-2026-day-2-image-2-1024x819.jpg 1024w, https:\/\/inclusionincanadiansports.ca\/wp-content\/uploads\/2026\/03\/Black-Leaders-2026-day-2-image-2-768x614.jpg 768w\" sizes=\"(max-width: 1200px) 100vw, 1200px\" \/>\t\t\t\t\t\t\t\t\t\t\t\t\t\t\t<\/div>\n\t\t\t\t<\/div>\n\t\t\t\t<div class=\"elementor-element elementor-element-7d54241 elementor-widget__width-initial elementor-widget elementor-widget-image\" data-id=\"7d54241\" data-element_type=\"widget\" data-e-type=\"widget\" data-widget_type=\"image.default\">\n\t\t\t\t<div class=\"elementor-widget-container\">\n\t\t\t\t\t\t\t\t\t\t\t\t\t\t\t<img loading=\"lazy\" decoding=\"async\" width=\"1200\" height=\"960\" src=\"https:\/\/inclusionincanadiansports.ca\/wp-content\/uploads\/2026\/03\/Black-Leaders-2026-day-2-image-3.jpg\" class=\"attachment-full size-full wp-image-10746\" alt=\"\" srcset=\"https:\/\/inclusionincanadiansports.ca\/wp-content\/uploads\/2026\/03\/Black-Leaders-2026-day-2-image-3.jpg 1200w, https:\/\/inclusionincanadiansports.ca\/wp-content\/uploads\/2026\/03\/Black-Leaders-2026-day-2-image-3-300x240.jpg 300w, https:\/\/inclusionincanadiansports.ca\/wp-content\/uploads\/2026\/03\/Black-Leaders-2026-day-2-image-3-1024x819.jpg 1024w, https:\/\/inclusionincanadiansports.ca\/wp-content\/uploads\/2026\/03\/Black-Leaders-2026-day-2-image-3-768x614.jpg 768w\" sizes=\"(max-width: 1200px) 100vw, 1200px\" \/>\t\t\t\t\t\t\t\t\t\t\t\t\t\t\t<\/div>\n\t\t\t\t<\/div>\n\t\t\t\t<div class=\"elementor-element elementor-element-4e052a2 elementor-widget__width-initial elementor-widget elementor-widget-image\" data-id=\"4e052a2\" data-element_type=\"widget\" data-e-type=\"widget\" data-widget_type=\"image.default\">\n\t\t\t\t<div class=\"elementor-widget-container\">\n\t\t\t\t\t\t\t\t\t\t\t\t\t\t\t<img loading=\"lazy\" decoding=\"async\" width=\"1200\" height=\"960\" src=\"https:\/\/inclusionincanadiansports.ca\/wp-content\/uploads\/2026\/03\/Black-Leaders-2026-day-2-image-4.jpg\" class=\"attachment-full size-full wp-image-10747\" alt=\"\" srcset=\"https:\/\/inclusionincanadiansports.ca\/wp-content\/uploads\/2026\/03\/Black-Leaders-2026-day-2-image-4.jpg 1200w, https:\/\/inclusionincanadiansports.ca\/wp-content\/uploads\/2026\/03\/Black-Leaders-2026-day-2-image-4-300x240.jpg 300w, https:\/\/inclusionincanadiansports.ca\/wp-content\/uploads\/2026\/03\/Black-Leaders-2026-day-2-image-4-1024x819.jpg 1024w, https:\/\/inclusionincanadiansports.ca\/wp-content\/uploads\/2026\/03\/Black-Leaders-2026-day-2-image-4-768x614.jpg 768w\" sizes=\"(max-width: 1200px) 100vw, 1200px\" \/>\t\t\t\t\t\t\t\t\t\t\t\t\t\t\t<\/div>\n\t\t\t\t<\/div>\n\t\t\t\t<div class=\"elementor-element elementor-element-c39149d elementor-widget__width-initial elementor-widget elementor-widget-image\" data-id=\"c39149d\" data-element_type=\"widget\" data-e-type=\"widget\" data-widget_type=\"image.default\">\n\t\t\t\t<div class=\"elementor-widget-container\">\n\t\t\t\t\t\t\t\t\t\t\t\t\t\t\t<img loading=\"lazy\" decoding=\"async\" width=\"1200\" height=\"960\" src=\"https:\/\/inclusionincanadiansports.ca\/wp-content\/uploads\/2026\/03\/Black-Leaders-2026-day-2-image-5.jpg\" class=\"attachment-full size-full wp-image-10748\" alt=\"\" srcset=\"https:\/\/inclusionincanadiansports.ca\/wp-content\/uploads\/2026\/03\/Black-Leaders-2026-day-2-image-5.jpg 1200w, https:\/\/inclusionincanadiansports.ca\/wp-content\/uploads\/2026\/03\/Black-Leaders-2026-day-2-image-5-300x240.jpg 300w, https:\/\/inclusionincanadiansports.ca\/wp-content\/uploads\/2026\/03\/Black-Leaders-2026-day-2-image-5-1024x819.jpg 1024w, https:\/\/inclusionincanadiansports.ca\/wp-content\/uploads\/2026\/03\/Black-Leaders-2026-day-2-image-5-768x614.jpg 768w\" sizes=\"(max-width: 1200px) 100vw, 1200px\" \/>\t\t\t\t\t\t\t\t\t\t\t\t\t\t\t<\/div>\n\t\t\t\t<\/div>\n\t\t\t\t<div class=\"elementor-element elementor-element-625f976 elementor-widget__width-initial elementor-widget elementor-widget-image\" data-id=\"625f976\" data-element_type=\"widget\" data-e-type=\"widget\" data-widget_type=\"image.default\">\n\t\t\t\t<div class=\"elementor-widget-container\">\n\t\t\t\t\t\t\t\t\t\t\t\t\t\t\t<img loading=\"lazy\" decoding=\"async\" width=\"1200\" height=\"960\" src=\"https:\/\/inclusionincanadiansports.ca\/wp-content\/uploads\/2026\/03\/Black-Leaders-2026-day-2-image-6.jpg\" class=\"attachment-full size-full wp-image-10749\" alt=\"\" srcset=\"https:\/\/inclusionincanadiansports.ca\/wp-content\/uploads\/2026\/03\/Black-Leaders-2026-day-2-image-6.jpg 1200w, https:\/\/inclusionincanadiansports.ca\/wp-content\/uploads\/2026\/03\/Black-Leaders-2026-day-2-image-6-300x240.jpg 300w, https:\/\/inclusionincanadiansports.ca\/wp-content\/uploads\/2026\/03\/Black-Leaders-2026-day-2-image-6-1024x819.jpg 1024w, https:\/\/inclusionincanadiansports.ca\/wp-content\/uploads\/2026\/03\/Black-Leaders-2026-day-2-image-6-768x614.jpg 768w\" sizes=\"(max-width: 1200px) 100vw, 1200px\" \/>\t\t\t\t\t\t\t\t\t\t\t\t\t\t\t<\/div>\n\t\t\t\t<\/div>\n\t\t\t\t<div class=\"elementor-element elementor-element-8434c52 elementor-widget__width-initial elementor-widget elementor-widget-image\" data-id=\"8434c52\" data-element_type=\"widget\" data-e-type=\"widget\" data-widget_type=\"image.default\">\n\t\t\t\t<div class=\"elementor-widget-container\">\n\t\t\t\t\t\t\t\t\t\t\t\t\t\t\t<img loading=\"lazy\" decoding=\"async\" width=\"1200\" height=\"960\" src=\"https:\/\/inclusionincanadiansports.ca\/wp-content\/uploads\/2026\/03\/Black-Leaders-2026-day-2-image-7.jpg\" class=\"attachment-full size-full wp-image-10750\" alt=\"\" srcset=\"https:\/\/inclusionincanadiansports.ca\/wp-content\/uploads\/2026\/03\/Black-Leaders-2026-day-2-image-7.jpg 1200w, https:\/\/inclusionincanadiansports.ca\/wp-content\/uploads\/2026\/03\/Black-Leaders-2026-day-2-image-7-300x240.jpg 300w, https:\/\/inclusionincanadiansports.ca\/wp-content\/uploads\/2026\/03\/Black-Leaders-2026-day-2-image-7-1024x819.jpg 1024w, https:\/\/inclusionincanadiansports.ca\/wp-content\/uploads\/2026\/03\/Black-Leaders-2026-day-2-image-7-768x614.jpg 768w\" sizes=\"(max-width: 1200px) 100vw, 1200px\" \/>\t\t\t\t\t\t\t\t\t\t\t\t\t\t\t<\/div>\n\t\t\t\t<\/div>\n\t\t\t\t<div class=\"elementor-element elementor-element-ac23bef elementor-widget__width-initial elementor-widget elementor-widget-image\" data-id=\"ac23bef\" data-element_type=\"widget\" data-e-type=\"widget\" data-widget_type=\"image.default\">\n\t\t\t\t<div class=\"elementor-widget-container\">\n\t\t\t\t\t\t\t\t\t\t\t\t\t\t\t<img loading=\"lazy\" decoding=\"async\" width=\"1200\" height=\"960\" src=\"https:\/\/inclusionincanadiansports.ca\/wp-content\/uploads\/2026\/03\/Black-Leaders-2026-day-2-image-8.jpg\" class=\"attachment-full size-full wp-image-10751\" alt=\"\" srcset=\"https:\/\/inclusionincanadiansports.ca\/wp-content\/uploads\/2026\/03\/Black-Leaders-2026-day-2-image-8.jpg 1200w, https:\/\/inclusionincanadiansports.ca\/wp-content\/uploads\/2026\/03\/Black-Leaders-2026-day-2-image-8-300x240.jpg 300w, https:\/\/inclusionincanadiansports.ca\/wp-content\/uploads\/2026\/03\/Black-Leaders-2026-day-2-image-8-1024x819.jpg 1024w, https:\/\/inclusionincanadiansports.ca\/wp-content\/uploads\/2026\/03\/Black-Leaders-2026-day-2-image-8-768x614.jpg 768w\" sizes=\"(max-width: 1200px) 100vw, 1200px\" \/>\t\t\t\t\t\t\t\t\t\t\t\t\t\t\t<\/div>\n\t\t\t\t<\/div>\n\t\t\t\t<\/div>\n\t\t\t\t<div class=\"elementor-element elementor-element-e1f80a3 elementor-align-center elementor-widget__width-inherit elementor-widget elementor-widget-button\" data-id=\"e1f80a3\" data-element_type=\"widget\" data-e-type=\"widget\" data-widget_type=\"button.default\">\n\t\t\t\t<div class=\"elementor-widget-container\">\n\t\t\t\t\t\t\t\t\t<div class=\"elementor-button-wrapper\">\n\t\t\t\t\t<a class=\"elementor-button elementor-button-link elementor-size-sm\" href=\"https:\/\/inclusionincanadiansports.ca\/fr\/2026\/03\/04\/la-journee-des-leaders-noirs-dans-le-sport-2026-reunit-les-leaders-noirs-du-sport-sur-la-colline-du-parlement\/\">\n\t\t\t\t\t\t<span class=\"elementor-button-content-wrapper\">\n\t\t\t\t\t\t\t\t\t<span class=\"elementor-button-text\">Communiqu\u00e9 de presse<\/span>\n\t\t\t\t\t<\/span>\n\t\t\t\t\t<\/a>\n\t\t\t\t<\/div>\n\t\t\t\t\t\t\t\t<\/div>\n\t\t\t\t<\/div>\n\t\t\t\t\t<\/div>\n\t\t\t\t<\/div>\n\t\t<div class=\"elementor-element elementor-element-7665c43 e-flex e-con-boxed e-con e-parent\" data-id=\"7665c43\" data-element_type=\"container\" data-e-type=\"container\" data-settings=\"{&quot;jet_parallax_layout_list&quot;:[]}\">\n\t\t\t\t\t<div class=\"e-con-inner\">\n\t\t\t\t<div class=\"elementor-element elementor-element-0d47d84 elementor-widget elementor-widget-jet-video\" data-id=\"0d47d84\" data-element_type=\"widget\" data-e-type=\"widget\" data-widget_type=\"jet-video.default\">\n\t\t\t\t<div class=\"elementor-widget-container\">\n\t\t\t\t\t<div class=\"elementor-jet-video jet-elements\">\n<div class=\"jet-video jet-video--fa5-compat jet-video-aspect-ratio jet-video-aspect-ratio--16-9\" data-settings=\"{&quot;lightbox&quot;:false,&quot;autoplay&quot;:false}\"><iframe class=\"jet-video-iframe\" allowfullscreen allow=\"autoplay;encrypted-media\" title=\"Lecteur vid\u00e9o youtube\" data-lazy-load=\"https:\/\/www.youtube.com\/embed\/14Eedd1nb4M?feature=oembed&amp;start&amp;end&amp;wmode=opaque&amp;autoplay=0&amp;loop=0&amp;controls=1&amp;mute=0&amp;rel=0&amp;modestbranding=0\"><\/iframe>\n<div class=\"jet-video__overlay jet-video__overlay--custom-bg\" style=\"background-image: url(https:\/\/i.ytimg.com\/vi_webp\/14Eedd1nb4M\/maxresdefault.webp);\">\n<div class=\"jet-video__play-button\" role=\"button\" tabindex=\"0\" aria-label=\"Video play button\"><span class=\"jet-elements-icon jet-video__play-button-icon\"><svg aria-hidden=\"true\" class=\"e-font-icon-svg e-fas-play\" viewBox=\"0 0 448 512\" xmlns=\"http:\/\/www.w3.org\/2000\/svg\"><path d=\"M424.4 214.7L72.4 6.6C43.8-10.3 0 6.1 0 47.9V464c0 37.5 40.7 60.1 72.4 41.3l352-208c31.4-18.5 31.5-64.1 0-82.6z\"><\/path><\/svg><\/span>\t<span class=\"elementor-screen-only\">Play Video<\/span>\n<\/div>\n<\/div>\n<\/div>\n<\/div>\t\t\t\t<\/div>\n\t\t\t\t<\/div>\n\t\t\t\t\t<\/div>\n\t\t\t\t<\/div>\n\t\t<div class=\"elementor-element elementor-element-5b07dfd e-flex e-con-boxed e-con e-parent\" data-id=\"5b07dfd\" data-element_type=\"container\" data-e-type=\"container\" data-settings=\"{&quot;jet_parallax_layout_list&quot;:[],&quot;background_background&quot;:&quot;classic&quot;}\">\n\t\t\t\t\t<div class=\"e-con-inner\">\n\t\t\t\t<div class=\"elementor-element elementor-element-cedeb1e raven-testimonial--skin-default raven-testimonial--layout-image_inline raven-testimonial--align-center raven-arrows-yes raven-pagination-type-bullets elementor-widget elementor-widget-raven-testimonial-carousel\" data-id=\"cedeb1e\" data-element_type=\"widget\" data-e-type=\"widget\" data-settings=\"{&quot;slides_per_view&quot;:{&quot;unit&quot;:&quot;px&quot;,&quot;size&quot;:1,&quot;sizes&quot;:[]},&quot;slides_per_view_laptop&quot;:{&quot;unit&quot;:&quot;px&quot;,&quot;size&quot;:1,&quot;sizes&quot;:[]},&quot;slides_per_view_tablet&quot;:{&quot;unit&quot;:&quot;px&quot;,&quot;size&quot;:1,&quot;sizes&quot;:[]},&quot;slides_per_view_mobile&quot;:{&quot;unit&quot;:&quot;px&quot;,&quot;size&quot;:1,&quot;sizes&quot;:[]},&quot;show_arrows&quot;:&quot;yes&quot;,&quot;pagination&quot;:&quot;bullets&quot;,&quot;speed&quot;:500,&quot;autoplay&quot;:&quot;yes&quot;,&quot;autoplay_speed&quot;:5000,&quot;loop&quot;:&quot;yes&quot;,&quot;pause_on_hover&quot;:&quot;yes&quot;,&quot;pause_on_interaction&quot;:&quot;yes&quot;,&quot;space_between&quot;:{&quot;unit&quot;:&quot;px&quot;,&quot;size&quot;:10,&quot;sizes&quot;:[]},&quot;space_between_laptop&quot;:{&quot;unit&quot;:&quot;px&quot;,&quot;size&quot;:10,&quot;sizes&quot;:[]},&quot;space_between_tablet&quot;:{&quot;unit&quot;:&quot;px&quot;,&quot;size&quot;:10,&quot;sizes&quot;:[]},&quot;space_between_mobile&quot;:{&quot;unit&quot;:&quot;px&quot;,&quot;size&quot;:10,&quot;sizes&quot;:[]},&quot;pagination_gap&quot;:{&quot;unit&quot;:&quot;px&quot;,&quot;size&quot;:&quot;&quot;,&quot;sizes&quot;:[]},&quot;pagination_gap_laptop&quot;:{&quot;unit&quot;:&quot;px&quot;,&quot;size&quot;:&quot;&quot;,&quot;sizes&quot;:[]},&quot;pagination_gap_tablet&quot;:{&quot;unit&quot;:&quot;px&quot;,&quot;size&quot;:&quot;&quot;,&quot;sizes&quot;:[]},&quot;pagination_gap_mobile&quot;:{&quot;unit&quot;:&quot;px&quot;,&quot;size&quot;:&quot;&quot;,&quot;sizes&quot;:[]}}\" data-widget_type=\"raven-testimonial-carousel.default\">\n\t\t\t\t<div class=\"elementor-widget-container\">\n\t\t\t\t\t\t\t<div class=\"raven-swiper\">\n\t\t\t<div class=\"raven-main-swiper swiper\">\n\t\t\t\t<div class=\"swiper-wrapper\">\n\t\t\t\t\t\t\t\t\t\t\t<div class=\"swiper-slide\">\n\t\t\t\t\t\t\t\t\t<div class=\"raven-testimonial\">\n\t\t\t\t\t\t\t<div class=\"raven-testimonial__content\">\n\t\t\t\t\t<div class=\"raven-testimonial__text raven-testimonial-content-text\">\n\t\t\t\t\t\t\u00ab\u2009Quel sentiment extraordinaire que d&#039;\u00eatre entour\u00e9 d&#039;autres leaders de partout au pays et d&#039;avoir des conversations ouvertes et honn\u00eates avec divers membres de notre gouvernement. Ce que j&#039;ai le plus appr\u00e9ci\u00e9, c&#039;est le r\u00e9seautage et la possibilit\u00e9 d&#039;en apprendre davantage sur ce qui se passe dans le secteur. Cette journ\u00e9e a \u00e9t\u00e9 tr\u00e8s enrichissante, c&#039;est un souvenir que je garderai et qui m&#039;incitera \u00e0 poursuivre le travail que nous faisons tous. \u00bb\t\t\t\t\t<\/div>\n\t\t\t\t\t\t\t\t\t<\/div>\n\t\t\t\t\t\t<div class=\"raven-testimonial__footer raven-testimonial-content-text-footer\">\n\t\t\t\t\t\t\t\t\t\t\t<\/div>\n\t\t<\/div>\n\t\t\t\t\t\t\t\t<\/div>\n\t\t\t\t\t\t\t\t\t\t\t<div class=\"swiper-slide\">\n\t\t\t\t\t\t\t\t\t<div class=\"raven-testimonial\">\n\t\t\t\t\t\t\t<div class=\"raven-testimonial__content\">\n\t\t\t\t\t<div class=\"raven-testimonial__text raven-testimonial-content-text\">\n\t\t\t\t\t\t\u00ab Je suis reconnaissante de m&#039;\u00eatre jointe aux leaders noirs dans le sport hier pour des conversations importantes et inspirantes sur la repr\u00e9sentation dans le sport canadien. Merci \u00e0 IRSC pour son travail essentiel\u2009! \u00bb \t\t\t\t\t<\/div>\n\t\t\t\t\t\t\t\t\t<\/div>\n\t\t\t\t\t\t<div class=\"raven-testimonial__footer raven-testimonial-content-text-footer\">\n\t\t\t\t\t\t\t\t\t\t\t<\/div>\n\t\t<\/div>\n\t\t\t\t\t\t\t\t<\/div>\n\t\t\t\t\t\t\t\t\t\t\t<div class=\"swiper-slide\">\n\t\t\t\t\t\t\t\t\t<div class=\"raven-testimonial\">\n\t\t\t\t\t\t\t<div class=\"raven-testimonial__content\">\n\t\t\t\t\t<div class=\"raven-testimonial__text raven-testimonial-content-text\">\n\t\t\t\t\t\t\u00ab Les conversations \u00e9taient honn\u00eates. Les r\u00e9flexions \u00e9taient puissantes et l&#039;engagement en faveur du progr\u00e8s \u00e9tait clair. Des espaces comme celui-ci sont importants. Ils cr\u00e9ent un espace de collaboration, de responsabilisation et d&#039;actions durables. \u00bb\t\t\t\t\t<\/div>\n\t\t\t\t\t\t\t\t\t<\/div>\n\t\t\t\t\t\t<div class=\"raven-testimonial__footer raven-testimonial-content-text-footer\">\n\t\t\t\t\t\t\t\t\t\t\t<\/div>\n\t\t<\/div>\n\t\t\t\t\t\t\t\t<\/div>\n\t\t\t\t\t\t\t\t\t\t\t<div class=\"swiper-slide\">\n\t\t\t\t\t\t\t\t\t<div class=\"raven-testimonial\">\n\t\t\t\t\t\t\t<div class=\"raven-testimonial__content\">\n\t\t\t\t\t<div class=\"raven-testimonial__text raven-testimonial-content-text\">\n\t\t\t\t\t\t\u00ab C&#039;est une exp\u00e9rience qui a vraiment \u00e9largi ma perspective. \u00catre dans cet espace. Entour\u00e9 de leaders qui fa\u00e7onnent le sport \u00e0 tous les niveaux, c&#039;\u00e9tait puissant. \u00bb\t\t\t\t\t<\/div>\n\t\t\t\t\t\t\t\t\t<\/div>\n\t\t\t\t\t\t<div class=\"raven-testimonial__footer raven-testimonial-content-text-footer\">\n\t\t\t\t\t\t\t\t\t\t\t<\/div>\n\t\t<\/div>\n\t\t\t\t\t\t\t\t<\/div>\n\t\t\t\t\t\t\t\t\t\t\t<div class=\"swiper-slide\">\n\t\t\t\t\t\t\t\t\t<div class=\"raven-testimonial\">\n\t\t\t\t\t\t\t<div class=\"raven-testimonial__content\">\n\t\t\t\t\t<div class=\"raven-testimonial__text raven-testimonial-content-text\">\n\t\t\t\t\t\t\u00ab En r\u00e9fl\u00e9chissant \u00e0 ces derniers jours, je me rappelle qu&#039;enfant, je n&#039;aurais jamais imagin\u00e9 les lieux dans lesquels j&#039;entrerais, les salles dans lesquelles je m&#039;assi\u00e9rais ou les personnes avec lesquelles j&#039;aurais l&#039;occasion de connecter. Je suis reconnaissant de participer au dialogue et au travail \u00e0 venir. \u00bb\t\t\t\t\t<\/div>\n\t\t\t\t\t\t\t\t\t<\/div>\n\t\t\t\t\t\t<div class=\"raven-testimonial__footer raven-testimonial-content-text-footer\">\n\t\t\t\t\t\t\t\t\t\t\t<\/div>\n\t\t<\/div>\n\t\t\t\t\t\t\t\t<\/div>\n\t\t\t\t\t\t\t\t\t<\/div>\n\t\t\t\t\t\t\t\t\t\t\t\t\t\t\t<div class=\"swiper-pagination\"><\/div>\n\t\t\t\t\t\t\t\t\t\t\t\t\t\t\t\t<div class=\"navigation-arrow-prev--position-left navigation-arrow-prev--position-top elementor-swiper-button elementor-swiper-button-prev\">\n\t\t\t\t\t\t\t<svg aria-hidden=\"true\" class=\"e-font-icon-svg e-fas-angle-left\" viewBox=\"0 0 256 512\" xmlns=\"http:\/\/www.w3.org\/2000\/svg\"><path d=\"M31.7 239l136-136c9.4-9.4 24.6-9.4 33.9 0l22.6 22.6c9.4 9.4 9.4 24.6 0 33.9L127.9 256l96.4 96.4c9.4 9.4 9.4 24.6 0 33.9L201.7 409c-9.4 9.4-24.6 9.4-33.9 0l-136-136c-9.5-9.4-9.5-24.6-.1-34z\"><\/path><\/svg>\t\t\t\t\t\t\t<span class=\"elementor-screen-only\">Previous<\/span>\n\t\t\t\t\t\t<\/div>\n\t\t\t\t\t\t<div class=\"navigation-arrow-next--position-right navigation-arrow-next--position-top elementor-swiper-button elementor-swiper-button-next\">\n\t\t\t\t\t\t\t<svg aria-hidden=\"true\" class=\"e-font-icon-svg e-fas-angle-right\" viewBox=\"0 0 256 512\" xmlns=\"http:\/\/www.w3.org\/2000\/svg\"><path d=\"M224.3 273l-136 136c-9.4 9.4-24.6 9.4-33.9 0l-22.6-22.6c-9.4-9.4-9.4-24.6 0-33.9l96.4-96.4-96.4-96.4c-9.4-9.4-9.4-24.6 0-33.9L54.3 103c9.4-9.4 24.6-9.4 33.9 0l136 136c9.5 9.4 9.5 24.6.1 34z\"><\/path><\/svg>\t\t\t\t\t\t\t<span class=\"elementor-screen-only\">Next<\/span>\n\t\t\t\t\t\t<\/div>\n\t\t\t\t\t\t\t\t\t\t\t\t<\/div>\n\t\t<\/div>\n\t\t\t\t\t\t<\/div>\n\t\t\t\t<\/div>\n\t\t\t\t\t<\/div>\n\t\t\t\t<\/div>\n\t\t<div class=\"elementor-element elementor-element-ead8972 e-flex e-con-boxed e-con e-parent\" data-id=\"ead8972\" data-element_type=\"container\" data-e-type=\"container\" data-settings=\"{&quot;jet_parallax_layout_list&quot;:[]}\">\n\t\t\t\t\t<div class=\"e-con-inner\">\n\t\t\t\t<div class=\"elementor-element elementor-element-bba4fde elementor-align-center elementor-widget elementor-widget-raven-heading\" data-id=\"bba4fde\" data-element_type=\"widget\" data-e-type=\"widget\" data-widget_type=\"raven-heading.default\">\n\t\t\t\t<div class=\"elementor-widget-container\">\n\t\t\t\t\t\t\t<div class=\"raven-widget-wrapper\"><h2 class=\"raven-heading raven-heading-h2\"><span class=\"raven-heading-title \">Journ\u00e9e des leaders noirs dans le sport dans l'actualit\u00e9<\/span><\/h2><\/div>\n\t\t\t\t\t\t<\/div>\n\t\t\t\t<\/div>\n\t\t\t\t<div class=\"elementor-element elementor-element-126d26b elementor-widget elementor-widget-jet-video\" data-id=\"126d26b\" data-element_type=\"widget\" data-e-type=\"widget\" data-widget_type=\"jet-video.default\">\n\t\t\t\t<div class=\"elementor-widget-container\">\n\t\t\t\t\t<div class=\"elementor-jet-video jet-elements\">\n<div class=\"jet-video jet-video--fa5-compat jet-video-aspect-ratio jet-video-aspect-ratio--16-9\" data-settings=\"{&quot;lightbox&quot;:false,&quot;autoplay&quot;:false}\"><iframe class=\"jet-video-iframe\" allowfullscreen allow=\"autoplay;encrypted-media\" title=\"Lecteur vid\u00e9o youtube\" data-lazy-load=\"https:\/\/www.youtube.com\/embed\/Nnp0xzvuVW8?feature=oembed&amp;start&amp;end&amp;wmode=opaque&amp;autoplay=0&amp;loop=0&amp;controls=1&amp;mute=0&amp;rel=0&amp;modestbranding=0\"><\/iframe>\n<div class=\"jet-video__overlay jet-video__overlay--custom-bg\" style=\"background-image: url(https:\/\/i.ytimg.com\/vi_webp\/Nnp0xzvuVW8\/maxresdefault.webp);\">\n<div class=\"jet-video__play-button\" role=\"button\" tabindex=\"0\" aria-label=\"Video play button\"><span class=\"jet-elements-icon jet-video__play-button-icon\"><svg aria-hidden=\"true\" class=\"e-font-icon-svg e-fas-play\" viewBox=\"0 0 448 512\" xmlns=\"http:\/\/www.w3.org\/2000\/svg\"><path d=\"M424.4 214.7L72.4 6.6C43.8-10.3 0 6.1 0 47.9V464c0 37.5 40.7 60.1 72.4 41.3l352-208c31.4-18.5 31.5-64.1 0-82.6z\"><\/path><\/svg><\/span>\t<span class=\"elementor-screen-only\">Play Video<\/span>\n<\/div>\n<\/div>\n<\/div>\n<\/div>\t\t\t\t<\/div>\n\t\t\t\t<\/div>\n\t\t\t\t<div class=\"elementor-element elementor-element-f6cc0c6 elementor-widget elementor-widget-image\" data-id=\"f6cc0c6\" data-element_type=\"widget\" data-e-type=\"widget\" data-widget_type=\"image.default\">\n\t\t\t\t<div class=\"elementor-widget-container\">\n\t\t\t\t\t\t\t\t\t\t\t\t\t\t\t<img loading=\"lazy\" decoding=\"async\" width=\"1200\" height=\"960\" src=\"https:\/\/inclusionincanadiansports.ca\/wp-content\/uploads\/2026\/03\/Stefan-at-Radio-Canada.jpg\" class=\"attachment-full size-full wp-image-10752\" alt=\"\" srcset=\"https:\/\/inclusionincanadiansports.ca\/wp-content\/uploads\/2026\/03\/Stefan-at-Radio-Canada.jpg 1200w, https:\/\/inclusionincanadiansports.ca\/wp-content\/uploads\/2026\/03\/Stefan-at-Radio-Canada-300x240.jpg 300w, https:\/\/inclusionincanadiansports.ca\/wp-content\/uploads\/2026\/03\/Stefan-at-Radio-Canada-1024x819.jpg 1024w, https:\/\/inclusionincanadiansports.ca\/wp-content\/uploads\/2026\/03\/Stefan-at-Radio-Canada-768x614.jpg 768w\" sizes=\"(max-width: 1200px) 100vw, 1200px\" \/>\t\t\t\t\t\t\t\t\t\t\t\t\t\t\t<\/div>\n\t\t\t\t<\/div>\n\t\t\t\t<div class=\"elementor-element elementor-element-6c563e2 elementor-align-center elementor-widget__width-inherit elementor-widget elementor-widget-button\" data-id=\"6c563e2\" data-element_type=\"widget\" data-e-type=\"widget\" data-widget_type=\"button.default\">\n\t\t\t\t<div class=\"elementor-widget-container\">\n\t\t\t\t\t\t\t\t\t<div class=\"elementor-button-wrapper\">\n\t\t\t\t\t<a class=\"elementor-button elementor-button-link elementor-size-sm\" href=\"https:\/\/ici.radio-canada.ca\/ohdio\/premiere\/emissions\/sur-le-vif\/segments\/rattrapage\/2308838\/journee-leaders-noirs-dans-sport-a-ottawa\" target=\"_blank\">\n\t\t\t\t\t\t<span class=\"elementor-button-content-wrapper\">\n\t\t\t\t\t\t\t\t\t<span class=\"elementor-button-text\">Go to the story<\/span>\n\t\t\t\t\t<\/span>\n\t\t\t\t\t<\/a>\n\t\t\t\t<\/div>\n\t\t\t\t\t\t\t\t<\/div>\n\t\t\t\t<\/div>\n\t\t\t\t\t<\/div>\n\t\t\t\t<\/div>\n\t\t<div class=\"elementor-element elementor-element-dcf3f3d e-flex e-con-boxed e-con e-parent\" data-id=\"dcf3f3d\" data-element_type=\"container\" data-e-type=\"container\" data-settings=\"{&quot;jet_parallax_layout_list&quot;:[]}\">\n\t\t\t\t\t<div class=\"e-con-inner\">\n\t\t\t\t<div class=\"elementor-element elementor-element-7a78490 elementor-widget-divider--view-line elementor-widget elementor-widget-divider\" data-id=\"7a78490\" data-element_type=\"widget\" data-e-type=\"widget\" data-widget_type=\"divider.default\">\n\t\t\t\t<div class=\"elementor-widget-container\">\n\t\t\t\t\t\t\t<div class=\"elementor-divider\">\n\t\t\t<span class=\"elementor-divider-separator\">\n\t\t\t\t\t\t<\/span>\n\t\t<\/div>\n\t\t\t\t\t\t<\/div>\n\t\t\t\t<\/div>\n\t\t\t\t<div class=\"elementor-element elementor-element-3a78cb7 elementor-widget elementor-widget-button\" data-id=\"3a78cb7\" data-element_type=\"widget\" data-e-type=\"widget\" data-widget_type=\"button.default\">\n\t\t\t\t<div class=\"elementor-widget-container\">\n\t\t\t\t\t\t\t\t\t<div class=\"elementor-button-wrapper\">\n\t\t\t\t\t<a class=\"elementor-button elementor-button-link elementor-size-sm\" href=\"https:\/\/inclusionincanadiansportsnetwork.pixieset.com\/2026blackleadersinsportsday\/\" target=\"_blank\">\n\t\t\t\t\t\t<span class=\"elementor-button-content-wrapper\">\n\t\t\t\t\t\t\t\t\t<span class=\"elementor-button-text\">Voir la galerie de photos<\/span>\n\t\t\t\t\t<\/span>\n\t\t\t\t\t<\/a>\n\t\t\t\t<\/div>\n\t\t\t\t\t\t\t\t<\/div>\n\t\t\t\t<\/div>\n\t\t\t\t<div class=\"elementor-element elementor-element-2aa995c elementor-widget elementor-widget-button\" data-id=\"2aa995c\" data-element_type=\"widget\" data-e-type=\"widget\" data-widget_type=\"button.default\">\n\t\t\t\t<div class=\"elementor-widget-container\">\n\t\t\t\t\t\t\t\t\t<div class=\"elementor-button-wrapper\">\n\t\t\t\t\t<a class=\"elementor-button elementor-button-link elementor-size-sm\" href=\"https:\/\/inclusionincanadiansports.ca\/wp-content\/uploads\/2026\/03\/ICSN-Our-Call-to-Action-FR.pdf\" target=\"_blank\">\n\t\t\t\t\t\t<span class=\"elementor-button-content-wrapper\">\n\t\t\t\t\t\t\t\t\t<span class=\"elementor-button-text\">Notre appel \u00e0 l'action<\/span>\n\t\t\t\t\t<\/span>\n\t\t\t\t\t<\/a>\n\t\t\t\t<\/div>\n\t\t\t\t\t\t\t\t<\/div>\n\t\t\t\t<\/div>\n\t\t\t\t\t<\/div>\n\t\t\t\t<\/div>\n\t\t<div class=\"elementor-element elementor-element-ed06796 e-flex e-con-boxed e-con e-parent\" data-id=\"ed06796\" data-element_type=\"container\" data-e-type=\"container\" data-settings=\"{&quot;background_background&quot;:&quot;classic&quot;,&quot;jet_parallax_layout_list&quot;:[]}\">\n\t\t\t\t\t<div class=\"e-con-inner\">\n\t\t\t\t<div class=\"elementor-element elementor-element-ad91c85 elementor-widget elementor-widget-text-editor\" data-id=\"ad91c85\" data-element_type=\"widget\" data-e-type=\"widget\" data-widget_type=\"text-editor.default\">\n\t\t\t\t<div class=\"elementor-widget-container\">\n\t\t\t\t\t\t\t\t\t<p>Pour plus d&rsquo;informations, veuillez contacter : <a href=\"mailto:president@inclusionincanadiansports.ca\">president@inclusionincanadiansports.ca<\/a><\/p>\t\t\t\t\t\t\t\t<\/div>\n\t\t\t\t<\/div>\n\t\t\t\t\t<\/div>\n\t\t\t\t<\/div>\n\t\t\t\t<\/div>\n\t\t","protected":false},"excerpt":{"rendered":"<p>Journ\u00e9e des leaders noirs dans le sport 2026 R\u00e9sum\u00e9 de l&rsquo;\u00e9v\u00e8nement La Journ\u00e9e des leaders noirs dans le sport (JLNS) est un rassemblement national annuel organis\u00e9 par Inclusion dans le r\u00e9seau du sport canadien (IRSC) qui r\u00e9unit les leaders noirs \u00e9mergents et \u00e9tablis de l&rsquo;ensemble du syst\u00e8me de sport amateur du Canada. Lanc\u00e9e en 2025, [&hellip;]<\/p>\n","protected":false},"author":1,"featured_media":0,"parent":0,"menu_order":0,"comment_status":"closed","ping_status":"closed","template":"elementor_header_footer","meta":{"_acf_changed":false,"footnotes":""},"class_list":["post-10753","page","type-page","status-publish","hentry"],"acf":[],"_links":{"self":[{"href":"https:\/\/inclusionincanadiansports.ca\/fr\/wp-json\/wp\/v2\/pages\/10753","targetHints":{"allow":["GET"]}}],"collection":[{"href":"https:\/\/inclusionincanadiansports.ca\/fr\/wp-json\/wp\/v2\/pages"}],"about":[{"href":"https:\/\/inclusionincanadiansports.ca\/fr\/wp-json\/wp\/v2\/types\/page"}],"author":[{"embeddable":true,"href":"https:\/\/inclusionincanadiansports.ca\/fr\/wp-json\/wp\/v2\/users\/1"}],"replies":[{"embeddable":true,"href":"https:\/\/inclusionincanadiansports.ca\/fr\/wp-json\/wp\/v2\/comments?post=10753"}],"version-history":[{"count":6,"href":"https:\/\/inclusionincanadiansports.ca\/fr\/wp-json\/wp\/v2\/pages\/10753\/revisions"}],"predecessor-version":[{"id":10787,"href":"https:\/\/inclusionincanadiansports.ca\/fr\/wp-json\/wp\/v2\/pages\/10753\/revisions\/10787"}],"wp:attachment":[{"href":"https:\/\/inclusionincanadiansports.ca\/fr\/wp-json\/wp\/v2\/media?parent=10753"}],"curies":[{"name":"wp","href":"https:\/\/api.w.org\/{rel}","templated":true}]}}